{"id":45,"date":"2025-12-22T18:24:49","date_gmt":"2025-12-22T18:24:49","guid":{"rendered":"http:\/\/gorajec.info\/?page_id=45"},"modified":"2025-12-22T18:24:49","modified_gmt":"2025-12-22T18:24:49","slug":"materialy-zwiazane-z-panszczyzna","status":"publish","type":"page","link":"http:\/\/gorajec.info\/index.php\/materialy-zwiazane-z-panszczyzna\/","title":{"rendered":"Materia\u0142y zwi\u0105zane z pa\u0144szczyzn\u0105"},"content":{"rendered":"<div class=\"entry-content\">\n<p><strong>W tej kategorii znajduj\u0105 si\u0119 wszystkie rozpoznane do tej pory kamienne krzy\u017ce bru\u015bnie\u0144skie postawione na pami\u0105tk\u0119 zniesienia pa\u0144szczyzny:<\/strong><\/p>\n<p><a href=\"http:\/\/kamiennekrzyze.pl\/category\/pamiatka-zniesienia-panszczyzny\/\">http:\/\/kamiennekrzyze.pl\/category\/pamiatka-zniesienia-panszczyzny\/<\/a><\/p>\n<p>i kilka prawdopodobnych <strong><a href=\"http:\/\/kamiennekrzyze.pl\/category\/prawdopodobna-pamiatka-zniesienia-panszczyzny\/\">TUTAJ<\/a><\/strong><\/p>\n<p>Mapa pami\u0105tek zniesienia pa\u0144szczyzny znajduje si\u0119 <strong><a href=\"https:\/\/www.google.com\/maps\/d\/u\/0\/viewer?mid=1ooM38lxosoAv1tJWC3qcYelvW140Tq3m&amp;ll=50.224948835481314%2C23.50259220214845&amp;z=10\">TUTAJ<\/a><\/strong><\/p>\n<h2><strong>Poni\u017cej zbi\u00f3r informacji zwi\u0105zanych z pa\u0144szczyzn\u0105 z regionu lubaczowskiego czy najbli\u017cszej okolicy, kt\u00f3re uda\u0142o si\u0119 wynale\u017a\u0107 czy pozyska\u0107 w terenie:<\/strong><\/h2>\n<p><strong>Relacja z Radru\u017ca (ok. 2014 rok)<br \/>\n<\/strong><\/p>\n<p>Wed\u0142ug relacji mieszkanki Radru\u017ca, przy folwarku by\u0142 pie\u0144. Do niego przywi\u0105zywani byli niepokorni ch\u0142opi i wymierzano im kary za niepos\u0142usze\u0144stwo, by\u0142a to g\u0142\u00f3wnie ch\u0142osta. Gdy zniesiono pa\u0144szczyzn\u0119, na miejscu pnia postawiono kamienny krzy\u017c, na pami\u0105tk\u0119 zniesienia pa\u0144szczyzny. Niestety nie dotrwa\u0142 do dzisiejszych czas\u00f3w, podczas PRLu, gdy na terenie folwarku zrobiono PGR, krzy\u017c usuni\u0119to. W Radru\u017cu znajdziemy te\u017c kapliczk\u0119, a raczej jej ruiny, mia\u0142a powsta\u0107 tak\u017ce na pami\u0105tk\u0119 zniesienia pa\u0144szczyzny. <a href=\"https:\/\/www.lem.fm\/archiwabochenski\/obiekt.php?c1=2&amp;c2=16&amp;id=45\"><strong>TUTAJ<\/strong><\/a> mo\u017cna j\u0105 zobaczy\u0107, dzi\u015b stoj\u0105 ju\u017c tylko go\u0142e mury, kilkana\u015bcie lat temu mo\u017cna by\u0142o j\u0105 odratowa\u0107.<\/p>\n<p><strong>Relacja od Mieczys\u0142awa Zaborniaka z Polanki Horynieckiej (ok. 2014 roku)<\/strong><\/p>\n<p>W rejonie Brusna zwo\u0142ywanie ch\u0142op\u00f3w na odrabianie pa\u0144szczyzny wygl\u0105da\u0142o w ten spos\u00f3b, \u017ce szed\u0142 pracownik folwarku przez wie\u015b i g\u0142o\u015bno b\u0119bni\u0142. Ch\u0142opi mieli wtedy wyj\u015b\u0107 przed domy i zapozna\u0107 si\u0119 z przydzia\u0142ami pracy. B\u0119bny by\u0142y robione z psiej sk\u00f3ry. Dlatego te\u017c p\u00f3\u017aniej po zniesieniu pa\u0144szczyzny funkcjonowa\u0142o powiedzenie \u201ejak nie b\u0119dziesz mnie s\u0142ucha\u0142, to b\u0119dziesz s\u0142ucha\u0142 psiej sk\u00f3ry\u201d. Nawi\u0105zywa\u0142o to do kwestii darmowej roboty na czyj\u0105\u015b rzecz, albo pracy za p\u00f3\u0142darmo dla osoby, kt\u00f3ra nie chce si\u0119 uczy\u0107 i nie s\u0142ucha rodzic\u00f3w, kt\u00f3rzy oczekuj\u0105 od dzieci nauki i sumiennej pracy na swoim. (innym znanym znaczeniem \u201epsiej sk\u00f3ry\u201d by\u0142o okre\u015blenie na nahajk\u0119 czy bat, kt\u00f3rymi bito ch\u0142op\u00f3w)<\/p>\n<p><strong>Relacja od Micha\u0142a Ro\u017cko z Hory\u0144ca-Zdroju (ok. 2015 rok)<\/strong><\/p>\n<p>Krzy\u017c pa\u0144szczy\u017aniany mia\u0142 si\u0119 znajdywa\u0107 w Hory\u0144cu na ulicy Zdrojowej, na zakr\u0119cie naprzeciw wylotu z tunelu. Niestety nie dotrwa\u0142 do dzisiejszych czas\u00f3w. Jak by\u0142a rocznica zniesienia pa\u0144szczyzny, to w Hory\u0144cu by\u0142a jedna baba, kt\u00f3ra by\u0142a prowodyrem,\u00a0 zbiera\u0142a t\u0142um, by uda\u0107 si\u0119 z narz\u0119dziami, takimi jak wid\u0142y, kosy, siekiery. Gdy dotarli przed pa\u0142ac, to wo\u0142ali do ksi\u0119cia, \u017ce pa\u0144szczyzny ju\u017c niema i niech tylko spr\u00f3buje j\u0105 przywr\u00f3ci\u0107, to go tymi narz\u0119dziami roznios\u0105. Przy tym niesamowicie przeklinali i zwyzywali ksi\u0119cia. Po wszystkim szli pod krzy\u017c pa\u0144szczy\u017aniany.<\/p>\n<p><strong>Ksi\u0105\u017cka \u201eInwentarze i rozliczenia folwarczne wsi Kobylnicy Ruskiej i Kobylnicy Wo\u0142oskiej z lat 1711-1723\u201d, strona 55.<\/strong><\/p>\n<p>Znajdziemy tam opis budynk\u00f3w i sprz\u0119t\u00f3w, jakie znajdywa\u0142y si\u0119 w folwarku. By\u0142 tam mi\u0119dzy innymi g\u0105sior, czyli urz\u0105dzenie do karania krn\u0105brnych ch\u0142op\u00f3w w dobrach szlacheckich. Najcz\u0119\u015bciej by\u0142y to dwie grube deski lub k\u0142ody z wyci\u0119tymi na r\u0119ce i g\u0142ow\u0119 otworami. Takie urz\u0105dzenia mia\u0142y by\u0107 w ka\u017cdym dworze w tym regionie:<\/p>\n<p><em>G\u0105sior na ch\u0142op\u00f3w ze dw\u00f3ch tarcic zbudowany. Wrota z podw\u00f3rza ku sadzawce stoczyste z tarcic sosnowych na drewnianym biegunie nowe. Ten budynek tynem* obwiedziony, tylko kawa\u0142ka nie dostaje od g\u0105siora do furtki.<\/em><\/p>\n<p><em>*tyn \u2013 ogrodzenie z ga\u0142\u0119zi wok\u00f3\u0142 domu<\/em><\/p>\n<p><strong>Krzy\u017c Pa\u0144szczy\u017aniany w Kobylnicy Ruskiej<\/strong><\/p>\n<p>Kliknij na poni\u017cszy obrazek na Google Maps, by przej\u015b\u0107 do miejsca, gdzie znajduje si\u0119 krzy\u017c:<\/p>\n<p><a href=\"https:\/\/www.google.pl\/maps\/place\/Przydro%C5%BCny+Krzy%C5%BC+%C5%BBeliwny\/@50.0187371,23.0751915,316m\/data=!3m1!1e3!4m5!3m4!1s0x473b67b47f19fc01:0xcd559be70c76345a!8m2!3d50.0190271!4d23.073815\"><img loading=\"lazy\" decoding=\"async\" class=\"alignnone size-full wp-image-5003\" src=\"http:\/\/kamiennekrzyze.pl\/wp-content\/uploads\/2022\/02\/Kobylnica-Ruska.jpg\" sizes=\"auto, (max-width: 767px) 89vw, (max-width: 1000px) 54vw, (max-width: 1071px) 543px, 580px\" srcset=\"http:\/\/kamiennekrzyze.pl\/wp-content\/uploads\/2022\/02\/Kobylnica-Ruska.jpg 1920w, http:\/\/kamiennekrzyze.pl\/wp-content\/uploads\/2022\/02\/Kobylnica-Ruska-300x169.jpg 300w, http:\/\/kamiennekrzyze.pl\/wp-content\/uploads\/2022\/02\/Kobylnica-Ruska-1024x576.jpg 1024w, http:\/\/kamiennekrzyze.pl\/wp-content\/uploads\/2022\/02\/Kobylnica-Ruska-768x432.jpg 768w, http:\/\/kamiennekrzyze.pl\/wp-content\/uploads\/2022\/02\/Kobylnica-Ruska-1536x864.jpg 1536w\" alt=\"\" width=\"1920\" height=\"1080\" \/><\/a><\/p>\n<p>Krzy\u017c znajduje si\u0119 na pag\u00f3rku, wygl\u0105da na to, \u017ce zosta\u0142 tutaj specjalnie usypany kopiec. Podstawa zapewne jest murowana, trudno okre\u015bli\u0107 budulec, bowiem jest otynkowana, z metalow\u0105 opask\u0105, na pewno nie jest to rze\u017abiony obiekt. Wetkni\u0119ty jest w niego \u017celiwny odlew krzy\u017ca, jest tam te\u017c tabliczka z napisem: <em>\u201ePami\u0105tka Zniesienia Pa\u0144szczyzny 1848\u201d. <\/em>Mo\u017cliwe, \u017ce by\u0142 szablon do odlewu, by\u0107 mo\u017ce w jednej z odlewni we Lwowie i produkowano tego typu tabliczki na krzy\u017ce, kt\u00f3re kupowa\u0142y wiejskie gromady. Podobn\u0105 <a href=\"https:\/\/www.apokryfruski.org\/wp-content\/gallery\/chelmszczyzna_dluzniow_pozostale\/dowzniow_146.jpg\" data-slb-active=\"1\" data-slb-asset=\"1593265632\" data-slb-group=\"4992\">tabliczk\u0119<\/a> znajdziemy w D\u0142u\u017cniowie, tylko tam napisy s\u0105 wykonane cyrylic\u0105. <a href=\"https:\/\/www.apokryfruski.org\/wp-content\/gallery\/chelmszczyzna_dluzniow_pozostale\/dowzniow_145.jpg\" data-slb-active=\"1\" data-slb-asset=\"751484372\" data-slb-group=\"4992\">Krzy\u017c<\/a> wykonany jest z betonu, jako ponowienie. By\u0142y stare lipy, ale zosta\u0142y wyci\u0119te.<\/p>\n<div id=\"gallery-1\" class=\"gallery galleryid-4992 gallery-columns-2 gallery-size-medium\">\n<figure class=\"gallery-item\">\n<div class=\"gallery-icon landscape\"><a href=\"http:\/\/kamiennekrzyze.pl\/wp-content\/uploads\/2022\/02\/18sty-106-scaled.jpg\" data-slb-active=\"1\" data-slb-asset=\"1609513442\" data-slb-internal=\"0\" data-slb-group=\"4992\"><img loading=\"lazy\" decoding=\"async\" class=\"attachment-medium size-medium\" src=\"http:\/\/kamiennekrzyze.pl\/wp-content\/uploads\/2022\/02\/18sty-106-300x200.jpg\" sizes=\"auto, 100vw\" srcset=\"http:\/\/kamiennekrzyze.pl\/wp-content\/uploads\/2022\/02\/18sty-106-300x200.jpg 300w, http:\/\/kamiennekrzyze.pl\/wp-content\/uploads\/2022\/02\/18sty-106-1024x683.jpg 1024w, http:\/\/kamiennekrzyze.pl\/wp-content\/uploads\/2022\/02\/18sty-106-768x512.jpg 768w, http:\/\/kamiennekrzyze.pl\/wp-content\/uploads\/2022\/02\/18sty-106-1536x1024.jpg 1536w, http:\/\/kamiennekrzyze.pl\/wp-content\/uploads\/2022\/02\/18sty-106-2048x1365.jpg 2048w\" alt=\"\" width=\"300\" height=\"200\" \/><\/a><\/div>\n<\/figure>\n<figure class=\"gallery-item\">\n<div class=\"gallery-icon landscape\"><a href=\"http:\/\/kamiennekrzyze.pl\/wp-content\/uploads\/2022\/02\/18sty-108-scaled.jpg\" data-slb-active=\"1\" data-slb-asset=\"762403306\" data-slb-internal=\"0\" data-slb-group=\"4992\"><img loading=\"lazy\" decoding=\"async\" class=\"attachment-medium size-medium\" src=\"http:\/\/kamiennekrzyze.pl\/wp-content\/uploads\/2022\/02\/18sty-108-300x200.jpg\" sizes=\"auto, 100vw\" srcset=\"http:\/\/kamiennekrzyze.pl\/wp-content\/uploads\/2022\/02\/18sty-108-300x200.jpg 300w, http:\/\/kamiennekrzyze.pl\/wp-content\/uploads\/2022\/02\/18sty-108-1024x683.jpg 1024w, http:\/\/kamiennekrzyze.pl\/wp-content\/uploads\/2022\/02\/18sty-108-768x512.jpg 768w, http:\/\/kamiennekrzyze.pl\/wp-content\/uploads\/2022\/02\/18sty-108-1536x1024.jpg 1536w, http:\/\/kamiennekrzyze.pl\/wp-content\/uploads\/2022\/02\/18sty-108-2048x1365.jpg 2048w\" alt=\"\" width=\"300\" height=\"200\" \/><\/a><\/div>\n<\/figure>\n<figure class=\"gallery-item\">\n<div class=\"gallery-icon landscape\"><a href=\"http:\/\/kamiennekrzyze.pl\/wp-content\/uploads\/2022\/02\/18sty-110-scaled.jpg\" data-slb-active=\"1\" data-slb-asset=\"377061898\" data-slb-internal=\"0\" data-slb-group=\"4992\"><img loading=\"lazy\" decoding=\"async\" class=\"attachment-medium size-medium\" src=\"http:\/\/kamiennekrzyze.pl\/wp-content\/uploads\/2022\/02\/18sty-110-300x200.jpg\" sizes=\"auto, 100vw\" srcset=\"http:\/\/kamiennekrzyze.pl\/wp-content\/uploads\/2022\/02\/18sty-110-300x200.jpg 300w, http:\/\/kamiennekrzyze.pl\/wp-content\/uploads\/2022\/02\/18sty-110-1024x683.jpg 1024w, http:\/\/kamiennekrzyze.pl\/wp-content\/uploads\/2022\/02\/18sty-110-768x512.jpg 768w, http:\/\/kamiennekrzyze.pl\/wp-content\/uploads\/2022\/02\/18sty-110-1536x1024.jpg 1536w, http:\/\/kamiennekrzyze.pl\/wp-content\/uploads\/2022\/02\/18sty-110-2048x1365.jpg 2048w\" alt=\"\" width=\"300\" height=\"200\" \/><\/a><\/div>\n<\/figure>\n<figure class=\"gallery-item\">\n<div class=\"gallery-icon landscape\"><a href=\"http:\/\/kamiennekrzyze.pl\/wp-content\/uploads\/2022\/02\/18sty-112-scaled.jpg\" data-slb-active=\"1\" data-slb-asset=\"1856867707\" data-slb-internal=\"0\" data-slb-group=\"4992\"><img loading=\"lazy\" decoding=\"async\" class=\"attachment-medium size-medium\" src=\"http:\/\/kamiennekrzyze.pl\/wp-content\/uploads\/2022\/02\/18sty-112-300x200.jpg\" sizes=\"auto, 100vw\" srcset=\"http:\/\/kamiennekrzyze.pl\/wp-content\/uploads\/2022\/02\/18sty-112-300x200.jpg 300w, http:\/\/kamiennekrzyze.pl\/wp-content\/uploads\/2022\/02\/18sty-112-1024x683.jpg 1024w, http:\/\/kamiennekrzyze.pl\/wp-content\/uploads\/2022\/02\/18sty-112-768x512.jpg 768w, http:\/\/kamiennekrzyze.pl\/wp-content\/uploads\/2022\/02\/18sty-112-1536x1024.jpg 1536w, http:\/\/kamiennekrzyze.pl\/wp-content\/uploads\/2022\/02\/18sty-112-2048x1365.jpg 2048w\" alt=\"\" width=\"300\" height=\"200\" \/><\/a><\/div>\n<\/figure>\n<\/div>\n<p><strong><a href=\"http:\/\/dir.icm.edu.pl\/pl\/Slownik_geograficzny\/Tom_V\/437\">TUTAJ<\/a> w \u201eS\u0142ownik geograficzny Kr\u00f3lestwa Polskiego<\/strong> i innych kraj\u00f3w s\u0142owia\u0144skich, Tom V\u201d znajdziemy ciekawy zapis na temat pa\u0144szczyzny w Lubli\u0144cu ko\u0142o Cieszanowa.<\/p>\n<p><a href=\"http:\/\/dir.icm.edu.pl\/pl\/Slownik_geograficzny\/Tom_V\/437\"><img loading=\"lazy\" decoding=\"async\" class=\"wp-image-4993 aligncenter\" src=\"http:\/\/kamiennekrzyze.pl\/wp-content\/uploads\/2022\/02\/lubliniec-ciekawostka-z-panszczyzna.png\" sizes=\"auto, (max-width: 493px) 100vw, 493px\" srcset=\"http:\/\/kamiennekrzyze.pl\/wp-content\/uploads\/2022\/02\/lubliniec-ciekawostka-z-panszczyzna.png 624w, http:\/\/kamiennekrzyze.pl\/wp-content\/uploads\/2022\/02\/lubliniec-ciekawostka-z-panszczyzna-202x300.png 202w\" alt=\"\" width=\"493\" height=\"733\" \/><\/a><\/p>\n<p><strong>Fotografie z 1939 roku z pochodem majowym w Lubli\u0144cu<\/strong> (Starym lub Nowym) ko\u0142o Cieszanowa z okazji zniesienia pa\u0144szczyzny (z ksi\u0105\u017cki \u201eLubliniec Nowy i Stary historia\u201d, Dmytro Kuszczak, 2010 rok). Mieszka\u0144cy szli pod krzy\u017c, kt\u00f3ry postawiony zosta\u0142 na pami\u0105tk\u0119 zniesienia pa\u0144szczyzny, tam odbywa\u0142a si\u0119 uroczysto\u015b\u0107. Lubliniec Nowy i Stary by\u0142 kr\u00f3lewszczyzn\u0105 i by\u0142 dzier\u017cawiony. Dzier\u017cawcy dopuszczali si\u0119 wielu skandalicznych rzeczy wzgl\u0119dem ch\u0142op\u00f3w, od pobi\u0107 po mordy. Dlatego mieszka\u0144cy cz\u0119sto podawali do s\u0105du swoich oprawc\u00f3w z folwarku, dlatego te\u017c w archiwach znale\u017a\u0107 mo\u017cna dok\u0142adne opisy tych proceder\u00f3w. Nie ma si\u0119 co dziwi\u0107, \u017ce gdy pa\u0144szczyzn\u0119 zniesiono, nawet jeszcze w 1939 roku robiono pochody do kamiennych krzy\u017cy, by zamanifestowa\u0107 mi\u0119dzy innymi swoj\u0105 wolno\u015b\u0107.<\/p>\n<p><a href=\"http:\/\/kamiennekrzyze.pl\/wp-content\/uploads\/2022\/02\/lubliniec-pochod-1-scaled.jpg\" data-slb-active=\"1\" data-slb-asset=\"1736924865\" data-slb-internal=\"0\" data-slb-group=\"4992\"><img loading=\"lazy\" decoding=\"async\" class=\"alignnone size-full wp-image-5107\" src=\"http:\/\/kamiennekrzyze.pl\/wp-content\/uploads\/2022\/02\/lubliniec-pochod-1-scaled.jpg\" sizes=\"auto, (max-width: 767px) 89vw, (max-width: 1000px) 54vw, (max-width: 1071px) 543px, 580px\" srcset=\"http:\/\/kamiennekrzyze.pl\/wp-content\/uploads\/2022\/02\/lubliniec-pochod-1-scaled.jpg 2560w, http:\/\/kamiennekrzyze.pl\/wp-content\/uploads\/2022\/02\/lubliniec-pochod-1-300x182.jpg 300w, http:\/\/kamiennekrzyze.pl\/wp-content\/uploads\/2022\/02\/lubliniec-pochod-1-1024x622.jpg 1024w, http:\/\/kamiennekrzyze.pl\/wp-content\/uploads\/2022\/02\/lubliniec-pochod-1-768x466.jpg 768w, http:\/\/kamiennekrzyze.pl\/wp-content\/uploads\/2022\/02\/lubliniec-pochod-1-1536x932.jpg 1536w, http:\/\/kamiennekrzyze.pl\/wp-content\/uploads\/2022\/02\/lubliniec-pochod-1-2048x1243.jpg 2048w\" alt=\"\" width=\"2560\" height=\"1554\" \/><\/a> <a href=\"http:\/\/kamiennekrzyze.pl\/wp-content\/uploads\/2022\/02\/lubliniec-pochod-2-scaled.jpg\" data-slb-active=\"1\" data-slb-asset=\"502813458\" data-slb-internal=\"0\" data-slb-group=\"4992\"><img loading=\"lazy\" decoding=\"async\" class=\"alignnone size-full wp-image-5108\" src=\"http:\/\/kamiennekrzyze.pl\/wp-content\/uploads\/2022\/02\/lubliniec-pochod-2-scaled.jpg\" sizes=\"auto, (max-width: 767px) 89vw, (max-width: 1000px) 54vw, (max-width: 1071px) 543px, 580px\" srcset=\"http:\/\/kamiennekrzyze.pl\/wp-content\/uploads\/2022\/02\/lubliniec-pochod-2-scaled.jpg 2560w, http:\/\/kamiennekrzyze.pl\/wp-content\/uploads\/2022\/02\/lubliniec-pochod-2-300x180.jpg 300w, http:\/\/kamiennekrzyze.pl\/wp-content\/uploads\/2022\/02\/lubliniec-pochod-2-1024x614.jpg 1024w, http:\/\/kamiennekrzyze.pl\/wp-content\/uploads\/2022\/02\/lubliniec-pochod-2-768x461.jpg 768w, http:\/\/kamiennekrzyze.pl\/wp-content\/uploads\/2022\/02\/lubliniec-pochod-2-1536x921.jpg 1536w, http:\/\/kamiennekrzyze.pl\/wp-content\/uploads\/2022\/02\/lubliniec-pochod-2-2048x1229.jpg 2048w, http:\/\/kamiennekrzyze.pl\/wp-content\/uploads\/2022\/02\/lubliniec-pochod-2-2000x1200.jpg 2000w\" alt=\"\" width=\"2560\" height=\"1536\" \/><\/a><\/p>\n<p><strong>W Bru\u015bnie mieszka\u0144cy sobie opowiadaj\u0105 tak\u0105 historyjk\u0119<\/strong>, \u017ce jak by\u0142y czasy pa\u0144szczyzny, to w okolicy by\u0142 taki pan, co nakaza\u0142 ch\u0142opu wej\u015b\u0107 na drzewo i kaza\u0142 udawa\u0107 ptaszka. Przymierzy\u0142 z broni i zastrzeli\u0142 go, m\u00f3wi\u0105c: upolowa\u0142em ptaszka. Poniewa\u017c syn ch\u0142opa by\u0142 w wojsku austriackim, gdy dowiedzia\u0142 si\u0119 o procederze, zaskar\u017cy\u0142 szlachcica i by\u0142a rozprawa w s\u0105dzie. Szlachcica skazali na jeden dzie\u0144 wiezienia za zab\u00f3jstwo. Zdenerwowany syn ch\u0142opa, wyj\u0105\u0142 pistolet i na miejscu zabi\u0142 szlachcica m\u00f3wi\u0105c: skoro on dosta\u0142 jeden dzie\u0144, to mnie ju\u017c nie musicie s\u0105dzi\u0107 i dobrowolnie p\u00f3jd\u0119 siedzie\u0107 jeden dzie\u0144 za zab\u00f3jstwo cz\u0142owieka.<\/p>\n<p><strong>Ciekawa relacja zwi\u0105zana z Nowinami Horynieckimi, gdzie nie ma krzy\u017ca pa\u0144szczy\u017anianego:<\/strong> z biegiem czasu do wsi sprowadzani byli nowi mieszka\u0144cy z innych okolic. Osadzani byli w r\u00f3\u017cnych miejscach, tak by mie\u0107 bezpo\u015bredni dost\u0119p do p\u00f3l, gdzie odrabiali pa\u0144szczyzn\u0119. Pa\u0144skie pola by\u0142y obrabiane przez tych ch\u0142op\u00f3w i tak\u0105 zabudow\u0119 utrzymywano a\u017c do 1848 roku, kiedy to zniesiono pa\u0144szczyzn\u0119. Wtedy Pan z Hory\u0144ca ulokowa\u0142 wszystkich mieszka\u0144c\u00f3w w jednym miejscu i wszyscy dostali drewno na wybudowanie sobie gospodarstw. Domy by\u0142y budowane z drzewa bukowego, stodo\u0142y i stajnie by\u0142y stawiane wsz\u0119dzie na ten sam wz\u00f3r (stodo\u0142a od pola, stajnia z boku i dom przy drodze. W rodzinie Mace\u0142k\u00f3w przechowywany by\u0142 zbiorowy akt w\u0142asno\u015bci dla mieszka\u0144c\u00f3w Nowin. Dokument przechowywany by\u0142 w drewnianym etui podobnym do pi\u00f3rnika, okr\u0105g\u0142y, z jednej strony zatykany wieczkiem (podczas wojny zagin\u0105\u0142). Po uw\u0142aszczeniu ch\u0142op\u00f3w, ka\u017cdy dostawa\u0142 tyle ziemi ile obrabia\u0142 za czas\u00f3w pa\u0144szczyzny. Gospodarstwa mia\u0142y r\u00f3\u017cn\u0105 wielko\u015b\u0107, od p\u00f3\u0142 do jednego \u0142ana, zale\u017cne by\u0142o to od wys\u0142ugi. Pocz\u0105tkowo du\u017ce gospodarstwa po zniesieniu pa\u0144szczyzny maj\u0105ce oko\u0142o 16 hektar\u00f3w, z biegiem czasu zacz\u0119\u0142y by\u0107 dzielone. Je\u017celi rodzina by\u0142a du\u017ca, to dzieci dostawa\u0142y po r\u00f3wno ziemi\u0119. Przed pierwsz\u0105 wojn\u0105 gospodarze mieli po kilka hektar\u00f3w a przed drug\u0105 wojn\u0105 \u015bwiatow\u0105 przeludniona wioska mia\u0142a gospodarzy, kt\u00f3rzy mieli nawet po p\u00f3\u0142 hektara ziemi. Maj\u0105tek dzielono na cz\u0119\u015bci, oddzielnie \u0142\u0105ki, lasy i grunty orne.<\/p>\n<p><strong>W ksi\u0105\u017cce \u201eOpowie\u015bci z jaros\u0142awskiego zasania\u201d<\/strong> \u2013 w artykule \u201eMo\u0142odycz przed wiekami\u201d znajdziemy rozbudowany opis okoliczno\u015bci zniesienia pa\u0144szczyzny okiem \u00f3wczesnego ch\u0142opa.<\/p>\n<div id=\"gallery-2\" class=\"gallery galleryid-4992 gallery-columns-3 gallery-size-medium\">\n<figure class=\"gallery-item\">\n<div class=\"gallery-icon portrait\"><a href=\"http:\/\/kamiennekrzyze.pl\/materialy-zwiazane-ze-zniesieniem-panszczyzny-w-galicji\/molodycz-opowiesci-z-jaroslawskiego-zasania-2\/\" data-slb-active=\"1\" data-slb-asset=\"773160672\" data-slb-internal=\"5110\" data-slb-group=\"4992\"><img loading=\"lazy\" decoding=\"async\" class=\"attachment-medium size-medium\" src=\"http:\/\/kamiennekrzyze.pl\/wp-content\/uploads\/2022\/02\/Molodycz-opowiesci-z-jaroslawskiego-zasania-2-205x300.jpg\" sizes=\"auto, 100vw\" srcset=\"http:\/\/kamiennekrzyze.pl\/wp-content\/uploads\/2022\/02\/Molodycz-opowiesci-z-jaroslawskiego-zasania-2-205x300.jpg 205w, http:\/\/kamiennekrzyze.pl\/wp-content\/uploads\/2022\/02\/Molodycz-opowiesci-z-jaroslawskiego-zasania-2-698x1024.jpg 698w, http:\/\/kamiennekrzyze.pl\/wp-content\/uploads\/2022\/02\/Molodycz-opowiesci-z-jaroslawskiego-zasania-2-768x1126.jpg 768w, http:\/\/kamiennekrzyze.pl\/wp-content\/uploads\/2022\/02\/Molodycz-opowiesci-z-jaroslawskiego-zasania-2-1047x1536.jpg 1047w, http:\/\/kamiennekrzyze.pl\/wp-content\/uploads\/2022\/02\/Molodycz-opowiesci-z-jaroslawskiego-zasania-2-1396x2048.jpg 1396w, http:\/\/kamiennekrzyze.pl\/wp-content\/uploads\/2022\/02\/Molodycz-opowiesci-z-jaroslawskiego-zasania-2-scaled.jpg 1746w\" alt=\"\" width=\"205\" height=\"300\" \/><\/a><\/div>\n<\/figure>\n<figure class=\"gallery-item\">\n<div class=\"gallery-icon portrait\"><a href=\"http:\/\/kamiennekrzyze.pl\/materialy-zwiazane-ze-zniesieniem-panszczyzny-w-galicji\/molodycz-opowiesci-z-jaroslawskiego-zasania-1\/\" data-slb-active=\"1\" data-slb-asset=\"1869169842\" data-slb-internal=\"5109\" data-slb-group=\"4992\"><img loading=\"lazy\" decoding=\"async\" class=\"attachment-medium size-medium\" src=\"http:\/\/kamiennekrzyze.pl\/wp-content\/uploads\/2022\/02\/Molodycz-opowiesci-z-jaroslawskiego-zasania-1-201x300.jpg\" sizes=\"auto, 100vw\" srcset=\"http:\/\/kamiennekrzyze.pl\/wp-content\/uploads\/2022\/02\/Molodycz-opowiesci-z-jaroslawskiego-zasania-1-201x300.jpg 201w, http:\/\/kamiennekrzyze.pl\/wp-content\/uploads\/2022\/02\/Molodycz-opowiesci-z-jaroslawskiego-zasania-1-685x1024.jpg 685w, http:\/\/kamiennekrzyze.pl\/wp-content\/uploads\/2022\/02\/Molodycz-opowiesci-z-jaroslawskiego-zasania-1-768x1148.jpg 768w, http:\/\/kamiennekrzyze.pl\/wp-content\/uploads\/2022\/02\/Molodycz-opowiesci-z-jaroslawskiego-zasania-1-1028x1536.jpg 1028w, http:\/\/kamiennekrzyze.pl\/wp-content\/uploads\/2022\/02\/Molodycz-opowiesci-z-jaroslawskiego-zasania-1-1371x2048.jpg 1371w, http:\/\/kamiennekrzyze.pl\/wp-content\/uploads\/2022\/02\/Molodycz-opowiesci-z-jaroslawskiego-zasania-1-scaled.jpg 1713w\" alt=\"\" width=\"201\" height=\"300\" \/><\/a><\/div>\n<\/figure>\n<figure class=\"gallery-item\">\n<div class=\"gallery-icon portrait\"><a href=\"http:\/\/kamiennekrzyze.pl\/materialy-zwiazane-ze-zniesieniem-panszczyzny-w-galicji\/molodycz-opowiesci-z-jaroslawskiego-zasania-3\/\" data-slb-active=\"1\" data-slb-asset=\"1001016110\" data-slb-internal=\"5111\" data-slb-group=\"4992\"><img loading=\"lazy\" decoding=\"async\" class=\"attachment-medium size-medium\" src=\"http:\/\/kamiennekrzyze.pl\/wp-content\/uploads\/2022\/02\/Molodycz-opowiesci-z-jaroslawskiego-zasania-3-208x300.jpg\" sizes=\"auto, 100vw\" srcset=\"http:\/\/kamiennekrzyze.pl\/wp-content\/uploads\/2022\/02\/Molodycz-opowiesci-z-jaroslawskiego-zasania-3-208x300.jpg 208w, http:\/\/kamiennekrzyze.pl\/wp-content\/uploads\/2022\/02\/Molodycz-opowiesci-z-jaroslawskiego-zasania-3-710x1024.jpg 710w, http:\/\/kamiennekrzyze.pl\/wp-content\/uploads\/2022\/02\/Molodycz-opowiesci-z-jaroslawskiego-zasania-3-768x1107.jpg 768w, http:\/\/kamiennekrzyze.pl\/wp-content\/uploads\/2022\/02\/Molodycz-opowiesci-z-jaroslawskiego-zasania-3-1065x1536.jpg 1065w, http:\/\/kamiennekrzyze.pl\/wp-content\/uploads\/2022\/02\/Molodycz-opowiesci-z-jaroslawskiego-zasania-3-1420x2048.jpg 1420w, http:\/\/kamiennekrzyze.pl\/wp-content\/uploads\/2022\/02\/Molodycz-opowiesci-z-jaroslawskiego-zasania-3-scaled.jpg 1775w\" alt=\"\" width=\"208\" height=\"300\" \/><\/a><\/div>\n<\/figure>\n<\/div>\n<p><strong>Historia buntu kobiet w \u0141\u00f3wczy po zniesieniu pa\u0144szczyzny. <\/strong>Mo\u017cliwe, \u017ce <a href=\"http:\/\/kamiennekrzyze.pl\/lowcza-3\/\">TEN<\/a> krzy\u017c zosta\u0142 postawiony na pami\u0105tk\u0119 zniesienia pa\u0144szczyzny po tym buncie. <em>(w \u0141\u00f3wczy \u017cyj\u0105 potomkowie organizatorki buntu, wnuczka ma bardzo \u017cywio\u0142owy charakter i gdyby dzi\u015b mia\u0142a miejsce podobna sytuacja, zapewne by\u0142a by liderk\u0105 buntu)<\/em><strong><br \/>\n<\/strong><\/p>\n<p><iframe loading=\"lazy\" src=\"https:\/\/www.facebook.com\/plugins\/video.php?height=314&amp;href=https%3A%2F%2Fwww.facebook.com%2FLowczazaprasza%2Fvideos%2F785983698629262%2F&amp;show_text=false&amp;width=560&amp;t=0\" width=\"560\" height=\"314\" frameborder=\"0\" scrolling=\"no\" allowfullscreen=\"allowfullscreen\" data-mce-fragment=\"1\"><\/iframe><\/p>\n<p><strong>W ksi\u0105\u017cce \u201eOd Narola po Be\u0142z\u201d<\/strong> w artykule Henryka Gmiterka \u2013 Narol Stary alias Ho\u0142osznia. O dawnych dziejach wsi Narol (do pocz\u0105tk\u00f3w XIX w.) str. 47, znajdziemy opis m\u00f3wi\u0105cy o tym, jak \u00f3wczesny w\u0142a\u015bciciel ziemski, Florian \u0141aszcz funduj\u0105c parafi\u0119 w okolicy 1629 roku \u201euposa\u017cy\u0142 proboszcza \u0142anem ziemi przypisuj\u0105c do jej uprawy sze\u015bciu poddanych z Narola wsi.\u201d Pokazuje to, jak traktowani byli wtedy ch\u0142opi, czyli elementem przypisanym do danego maj\u0105tku.<\/p>\n<p><strong>Krzy\u017c mandatariusza z Narola<\/strong> \u2013 na tak zwanej Ksi\u0119\u017cej G\u00f3rce w Narolu Wsi znajdziemy stary cmentarz \u2013 <a href=\"http:\/\/kamiennekrzyze.pl\/narol-16\">http:\/\/kamiennekrzyze.pl\/narol-16<\/a><\/p>\n<p><span class=\"x193iq5w xeuugli x13faqbe x1vvkbs x1xmvt09 x1lliihq x1s928wv xhkezso x1gmr53x x1cpjm7i x1fgarty x1943h6x xudqn12 x3x7a5m x6prxxf xvq8zen xo1l8bm xzsf02u\" dir=\"auto\">Na jednym z krzy\u017cy znajdziemy inskrypcj\u0119: \u201eWaleczny Micha\u0142 Bohuszewicz 1830\u201d.<\/span><\/p>\n<p>Dzi\u0119ki informacjom pozyskanym od pana prof Henryka Gmiterka <span class=\"x4k7w5x x1h91t0o x1h9r5lt x1jfb8zj xv2umb2 x1beo9mf xaigb6o x12ejxvf x3igimt xarpa2k xedcshv x1lytzrv x1t2pt76 x7ja8zs x1qrby5j\">z metryki zgon\u00f3w parafii narolskiej w archiwum lwowskim <\/span>mo\u017cemy pozna\u0107 to\u017csamo\u015b\u0107 pochowanej osoby:<\/p>\n<p><em><span class=\"x4k7w5x x1h91t0o x1h9r5lt x1jfb8zj xv2umb2 x1beo9mf xaigb6o x12ejxvf x3igimt xarpa2k xedcshv x1lytzrv x1t2pt76 x7ja8zs x1qrby5j\">Micha\u0142 Bohuszewicz, mandatariusz dominium narolskiego, zmar\u0142 12 XII 1830 r. w wieku 54 lat i zosta\u0142 pochowany dwa dni p\u00f3\u017aniej. Ceremoni\u0119 prowadzi\u0142 administrator narolski ks. Jan Tsapjak.<\/span><\/em><\/p>\n<p>Dlaczego jest to ciekawy krzy\u017c pod wzgl\u0119dem pa\u0144szczyzny? Przynajmniej w regionie lubaczowskim na obecn\u0105 chwil\u0119 jest to jedyna znana osoba, kt\u00f3ra pe\u0142ni\u0142a t\u0119 funkcj\u0119 i znany jest jej nagrobek.<\/p>\n<p>Wed\u0142ug definicji: mandatariusz \u2013 urz\u0105d w dawnej administracji galicyjskiej utworzony przez w\u0142adze austriackie w 1781 roku. Mandatariusz wykonywa\u0142 czynno\u015bci policyjno-administracyjno-s\u0105dowe w stosunku do ludno\u015bci ch\u0142opskiej osiad\u0142ej na obszarze dominium, w sprawach zwi\u0105zanych z pa\u0144szczyzn\u0105. Urz\u0105d zosta\u0142 zlikwidowany w 1849 roku, co by\u0142o konsekwencj\u0105 uw\u0142aszczenia ch\u0142op\u00f3w na terenie Galicji.<\/p>\n<p>Ciekawy opis pracy mandatariusza z okolic Be\u0142za znajdziemy pod tym linkiem: <a href=\"https:\/\/www.olejow.pl\/print.php?type=A&amp;item_id=592\">https:\/\/www.olejow.pl<\/a><\/p>\n<p><a href=\"http:\/\/kamiennekrzyze.pl\/wp-content\/uploads\/2022\/10\/kamienny-krzyz-mandatoariusza.jpg\" data-slb-active=\"1\" data-slb-asset=\"2123763793\" data-slb-internal=\"0\" data-slb-group=\"4992\"><img loading=\"lazy\" decoding=\"async\" class=\"alignnone size-full wp-image-5121\" src=\"http:\/\/kamiennekrzyze.pl\/wp-content\/uploads\/2022\/10\/kamienny-krzyz-mandatoariusza.jpg\" sizes=\"auto, (max-width: 767px) 89vw, (max-width: 1000px) 54vw, (max-width: 1071px) 543px, 580px\" srcset=\"http:\/\/kamiennekrzyze.pl\/wp-content\/uploads\/2022\/10\/kamienny-krzyz-mandatoariusza.jpg 1511w, http:\/\/kamiennekrzyze.pl\/wp-content\/uploads\/2022\/10\/kamienny-krzyz-mandatoariusza-225x300.jpg 225w, http:\/\/kamiennekrzyze.pl\/wp-content\/uploads\/2022\/10\/kamienny-krzyz-mandatoariusza-768x1024.jpg 768w, http:\/\/kamiennekrzyze.pl\/wp-content\/uploads\/2022\/10\/kamienny-krzyz-mandatoariusza-1152x1536.jpg 1152w\" alt=\"\" width=\"1511\" height=\"2015\" \/><\/a><\/p>\n<p><strong>Stowarzyszenie Folkowisko<\/strong> co roku w maju obchodzi uroczysto\u015b\u0107 \u201eDzie\u0144 Wolno\u015bci Ch\u0142opskiej\u201d z okazji zniesienia pa\u0144szczyzny w Galicji w 1848 roku. Jednym z unikatowych przedsi\u0119wzi\u0119\u0107 z tej okazji by\u0142a rekonstrukcja obrazu pami\u0105tki zniesienia pa\u0144szczyzny w Gorajcu.<\/p>\n<p><span class=\"x193iq5w xeuugli x13faqbe x1vvkbs x1xmvt09 x1lliihq x1s928wv xhkezso x1gmr53x x1cpjm7i x1fgarty x1943h6x xudqn12 x3x7a5m x6prxxf xvq8zen xo1l8bm xzsf02u\" dir=\"auto\">\u201eTen obraz jest pami\u0105tk\u0105 nadania wolno\u015bci w dniu 3 maja 1848 roku. Fundator tego obrazu Hrehoryj W\u00f3jtow z \u017con\u0105\u201d Tak mieszka\u0144cy Gorajca radowali si\u0119 ze zniesienia pa\u0144szczyzny w roku 1848. Ten podnios\u0142y moment postanowi\u0142 w wyj\u0105tkowy spos\u00f3b uczci\u0107 jeden z ch\u0142op\u00f3w \u2013 Hrehoryj W\u00f3jtow. Sprowadzi\u0142 do Gorajca (najprawdopodobniej ze Lwowa) malarza, u kt\u00f3rego mieszka\u0144cy zam\u00f3wili obraz Pami\u0105tka zniesienia pa\u0144szczyzny w Gorajcu. Wisia\u0142 on przez wiele lat w cerkwi. Niestety w latach 80 XX wieku zagin\u0105\u0142. Na podstawie mizernej jako\u015bci zdj\u0119cia przywr\u00f3ci\u0142 go do \u017cycia malarz <span class=\"xt0psk2\">Konstanty Fursow<\/span>. <\/span><\/p>\n<p>Obecnie obraz znajduje si\u0119 w siedzibie Stowarzyszenia Folkowisko w Chutorze Gorajec.<em> foto i info: <a href=\"https:\/\/www.facebook.com\/DzienWolnosciChlopskiej\/photos\/2249158878678885\/\">facebook.com\/DzienWolnosciChlopskiej<\/a><\/em><\/p>\n<p><a href=\"http:\/\/kamiennekrzyze.pl\/wp-content\/uploads\/2022\/10\/panszczyzna-gorajec.jpg\" data-slb-active=\"1\" data-slb-asset=\"161013058\" data-slb-internal=\"0\" data-slb-group=\"4992\"><img loading=\"lazy\" decoding=\"async\" class=\"alignnone size-full wp-image-5128\" src=\"http:\/\/kamiennekrzyze.pl\/wp-content\/uploads\/2022\/10\/panszczyzna-gorajec.jpg\" sizes=\"auto, (max-width: 767px) 89vw, (max-width: 1000px) 54vw, (max-width: 1071px) 543px, 580px\" srcset=\"http:\/\/kamiennekrzyze.pl\/wp-content\/uploads\/2022\/10\/panszczyzna-gorajec.jpg 1824w, http:\/\/kamiennekrzyze.pl\/wp-content\/uploads\/2022\/10\/panszczyzna-gorajec-300x200.jpg 300w, http:\/\/kamiennekrzyze.pl\/wp-content\/uploads\/2022\/10\/panszczyzna-gorajec-1024x683.jpg 1024w, http:\/\/kamiennekrzyze.pl\/wp-content\/uploads\/2022\/10\/panszczyzna-gorajec-768x512.jpg 768w, http:\/\/kamiennekrzyze.pl\/wp-content\/uploads\/2022\/10\/panszczyzna-gorajec-1536x1024.jpg 1536w\" alt=\"\" width=\"1824\" height=\"1216\" \/><\/a><\/p>\n<p><strong>Kapliczka w Radru\u017cu w 1962-05-12<\/strong> zosta\u0142a opisana i sfotografowana przez Antoniego Stelmacha. Dzi\u0119ki temu wiemy, \u017ce zosta\u0142a postawiona na pami\u0105tk\u0119 zniesienia pa\u0144szczyzny w Radru\u017cu. Dzi\u015b jest w stanie ca\u0142kowitej ruiny. <strong><a href=\"https:\/\/photos.google.com\/share\/AF1QipMGjHtabtJrO0vQCbN8Ryguy4CzJP1j-nirxHQuzNFvwe7neUiQxz8D6IaG-r_zbQ?pli=1&amp;key=bTFYUmQ5MTdOOWc1Zl90dDF1YlpnbnA0SWJiOHFn\">TUTAJ<\/a><\/strong> fotogaleria z \u00f3wczesnym stanem kapliczki.<\/p>\n<p><em>\u017ar\u00f3d\u0142o: zasoby Narodowego Instytutu Dziedzictwa<\/em><\/p>\n<p><a href=\"http:\/\/kamiennekrzyze.pl\/wp-content\/uploads\/2022\/10\/kapliczka-w-Radruzu.jpg\" data-slb-active=\"1\" data-slb-asset=\"876335088\" data-slb-internal=\"0\" data-slb-group=\"4992\"><img loading=\"lazy\" decoding=\"async\" class=\"alignnone size-full wp-image-5130\" src=\"http:\/\/kamiennekrzyze.pl\/wp-content\/uploads\/2022\/10\/kapliczka-w-Radruzu.jpg\" sizes=\"auto, (max-width: 767px) 89vw, (max-width: 1000px) 54vw, (max-width: 1071px) 543px, 580px\" srcset=\"http:\/\/kamiennekrzyze.pl\/wp-content\/uploads\/2022\/10\/kapliczka-w-Radruzu.jpg 841w, http:\/\/kamiennekrzyze.pl\/wp-content\/uploads\/2022\/10\/kapliczka-w-Radruzu-220x300.jpg 220w, http:\/\/kamiennekrzyze.pl\/wp-content\/uploads\/2022\/10\/kapliczka-w-Radruzu-751x1024.jpg 751w, http:\/\/kamiennekrzyze.pl\/wp-content\/uploads\/2022\/10\/kapliczka-w-Radruzu-768x1047.jpg 768w\" alt=\"\" width=\"841\" height=\"1147\" \/><\/a><\/p>\n<p><strong>W Oleszycach znajdziemy kapliczk\u0119,<\/strong> kt\u00f3ra wed\u0142ug lokalnych opowie\u015bci wzniesiona zosta\u0142a na pami\u0105tk\u0119 zniesienia pa\u0144szczyzny. Fotografi\u0119 wykona\u0142 Antoni Stelmach w 1961 roku. Obecnie kapliczka jest odnowiona i dostosowana do obrz\u0119d\u00f3w religijnych.<\/p>\n<p><em>\u017ar\u00f3d\u0142o: zasoby Narodowego Instytutu Dziedzictwa<\/em><\/p>\n<p><a href=\"http:\/\/kamiennekrzyze.pl\/wp-content\/uploads\/2022\/10\/kapliczka-w-oleszycach.jpg\" data-slb-active=\"1\" data-slb-asset=\"1376367152\" data-slb-internal=\"0\" data-slb-group=\"4992\"><img loading=\"lazy\" decoding=\"async\" class=\"alignnone size-full wp-image-5131\" src=\"http:\/\/kamiennekrzyze.pl\/wp-content\/uploads\/2022\/10\/kapliczka-w-oleszycach.jpg\" sizes=\"auto, (max-width: 767px) 89vw, (max-width: 1000px) 54vw, (max-width: 1071px) 543px, 580px\" srcset=\"http:\/\/kamiennekrzyze.pl\/wp-content\/uploads\/2022\/10\/kapliczka-w-oleszycach.jpg 777w, http:\/\/kamiennekrzyze.pl\/wp-content\/uploads\/2022\/10\/kapliczka-w-oleszycach-273x300.jpg 273w, http:\/\/kamiennekrzyze.pl\/wp-content\/uploads\/2022\/10\/kapliczka-w-oleszycach-768x844.jpg 768w\" alt=\"\" width=\"777\" height=\"854\" \/><\/a><\/p>\n<p><strong>Kaplica pa\u0144szczy\u017aniana na cmentarzu w \u0141\u00f3wczy<\/strong> obecnie jest ca\u0142kowicie zrujnowana. By\u0142a postawiona w okolicy 1848 roku na pami\u0105tk\u0119 zniesienia pa\u0144szczyzny. Na malowidle w \u015brodku by\u0142 napis, kt\u00f3ry mniej wi\u0119cej brzmia\u0142 tak: \u201ePostawiono na pami\u0105tk\u0119 oswobodzenia od pa\u0144szczyzny za panowania cesarza Ferdynanda\u2026 kosztem ca\u0142ej gromady staraniem i trudem w\u00f3jta Joakima Ho\u0142ub\u201d. Malowid\u0142o mia\u0142o zosta\u0107 zdj\u0119te z tynkiem i przeniesione do Dzia\u0142u Sztuki Cerkiewnej Muzeum Zamek w \u0141a\u0144cucie.<\/p>\n<p>Fotografie z lat 60tych i 90tych tej kaplicy znajdziemy na stronie <strong><a href=\"https:\/\/www.lem.fm\/archiwa\/obiekt.php?c1=2&amp;c2=16&amp;id=294\">lem.fm<\/a><\/strong><\/p>\n<figure id=\"attachment_5145\" class=\"wp-caption alignnone\" aria-describedby=\"caption-attachment-5145\"><a href=\"http:\/\/kamiennekrzyze.pl\/wp-content\/uploads\/2022\/10\/Lowcza-kaplica-i-malowidla-1-scaled.jpg\" data-slb-active=\"1\" data-slb-asset=\"1895086538\" data-slb-internal=\"0\" data-slb-group=\"4992\"><img loading=\"lazy\" decoding=\"async\" class=\"wp-image-5145 size-full\" src=\"http:\/\/kamiennekrzyze.pl\/wp-content\/uploads\/2022\/10\/Lowcza-kaplica-i-malowidla-1-scaled.jpg\" sizes=\"auto, (max-width: 767px) 89vw, (max-width: 1000px) 54vw, (max-width: 1071px) 543px, 580px\" srcset=\"http:\/\/kamiennekrzyze.pl\/wp-content\/uploads\/2022\/10\/Lowcza-kaplica-i-malowidla-1-scaled.jpg 2560w, http:\/\/kamiennekrzyze.pl\/wp-content\/uploads\/2022\/10\/Lowcza-kaplica-i-malowidla-1-300x205.jpg 300w, http:\/\/kamiennekrzyze.pl\/wp-content\/uploads\/2022\/10\/Lowcza-kaplica-i-malowidla-1-1024x699.jpg 1024w, http:\/\/kamiennekrzyze.pl\/wp-content\/uploads\/2022\/10\/Lowcza-kaplica-i-malowidla-1-768x524.jpg 768w, http:\/\/kamiennekrzyze.pl\/wp-content\/uploads\/2022\/10\/Lowcza-kaplica-i-malowidla-1-1536x1048.jpg 1536w, http:\/\/kamiennekrzyze.pl\/wp-content\/uploads\/2022\/10\/Lowcza-kaplica-i-malowidla-1-2048x1398.jpg 2048w\" alt=\"\" width=\"2560\" height=\"1747\" \/><\/a><figcaption id=\"caption-attachment-5145\" class=\"wp-caption-text\">fotografia pochodzi ze zbioru Mieczys\u0142awa Hawryliszyna<\/figcaption><\/figure>\n<figure id=\"attachment_5146\" class=\"wp-caption alignnone\" aria-describedby=\"caption-attachment-5146\"><a href=\"http:\/\/kamiennekrzyze.pl\/wp-content\/uploads\/2022\/10\/Lowcza-kaplica-i-malowidla-2.jpg\" data-slb-active=\"1\" data-slb-asset=\"2095908409\" data-slb-internal=\"0\" data-slb-group=\"4992\"><img loading=\"lazy\" decoding=\"async\" class=\"wp-image-5146 size-full\" src=\"http:\/\/kamiennekrzyze.pl\/wp-content\/uploads\/2022\/10\/Lowcza-kaplica-i-malowidla-2.jpg\" sizes=\"auto, (max-width: 767px) 89vw, (max-width: 1000px) 54vw, (max-width: 1071px) 543px, 580px\" srcset=\"http:\/\/kamiennekrzyze.pl\/wp-content\/uploads\/2022\/10\/Lowcza-kaplica-i-malowidla-2.jpg 2429w, http:\/\/kamiennekrzyze.pl\/wp-content\/uploads\/2022\/10\/Lowcza-kaplica-i-malowidla-2-300x213.jpg 300w, http:\/\/kamiennekrzyze.pl\/wp-content\/uploads\/2022\/10\/Lowcza-kaplica-i-malowidla-2-1024x726.jpg 1024w, http:\/\/kamiennekrzyze.pl\/wp-content\/uploads\/2022\/10\/Lowcza-kaplica-i-malowidla-2-768x544.jpg 768w, http:\/\/kamiennekrzyze.pl\/wp-content\/uploads\/2022\/10\/Lowcza-kaplica-i-malowidla-2-1536x1088.jpg 1536w, http:\/\/kamiennekrzyze.pl\/wp-content\/uploads\/2022\/10\/Lowcza-kaplica-i-malowidla-2-2048x1451.jpg 2048w\" alt=\"\" width=\"2429\" height=\"1721\" \/><\/a><figcaption id=\"caption-attachment-5146\" class=\"wp-caption-text\">fotografia pochodzi ze zbioru Mieczys\u0142awa Hawryliszyna<\/figcaption><\/figure>\n<figure id=\"attachment_5147\" class=\"wp-caption alignnone\" aria-describedby=\"caption-attachment-5147\"><a href=\"http:\/\/kamiennekrzyze.pl\/wp-content\/uploads\/2022\/10\/Lowcza-kaplica-i-malowidla-3.jpg\" data-slb-active=\"1\" data-slb-asset=\"1539083242\" data-slb-internal=\"0\" data-slb-group=\"4992\"><img loading=\"lazy\" decoding=\"async\" class=\"wp-image-5147 size-full\" src=\"http:\/\/kamiennekrzyze.pl\/wp-content\/uploads\/2022\/10\/Lowcza-kaplica-i-malowidla-3.jpg\" sizes=\"auto, (max-width: 767px) 89vw, (max-width: 1000px) 54vw, (max-width: 1071px) 543px, 580px\" srcset=\"http:\/\/kamiennekrzyze.pl\/wp-content\/uploads\/2022\/10\/Lowcza-kaplica-i-malowidla-3.jpg 2506w, http:\/\/kamiennekrzyze.pl\/wp-content\/uploads\/2022\/10\/Lowcza-kaplica-i-malowidla-3-300x218.jpg 300w, http:\/\/kamiennekrzyze.pl\/wp-content\/uploads\/2022\/10\/Lowcza-kaplica-i-malowidla-3-1024x744.jpg 1024w, http:\/\/kamiennekrzyze.pl\/wp-content\/uploads\/2022\/10\/Lowcza-kaplica-i-malowidla-3-768x558.jpg 768w, http:\/\/kamiennekrzyze.pl\/wp-content\/uploads\/2022\/10\/Lowcza-kaplica-i-malowidla-3-1536x1116.jpg 1536w, http:\/\/kamiennekrzyze.pl\/wp-content\/uploads\/2022\/10\/Lowcza-kaplica-i-malowidla-3-2048x1488.jpg 2048w\" alt=\"\" width=\"2506\" height=\"1821\" \/><\/a><figcaption id=\"caption-attachment-5147\" class=\"wp-caption-text\">fotografia pochodzi ze zbioru Mieczys\u0142awa Hawryliszyna<\/figcaption><\/figure>\n<figure id=\"attachment_5138\" class=\"wp-caption alignnone\" aria-describedby=\"caption-attachment-5138\"><a href=\"http:\/\/kamiennekrzyze.pl\/wp-content\/uploads\/2022\/10\/cyfrowe-archiwum-jechego-tura.jpg\" data-slb-active=\"1\" data-slb-asset=\"620997084\" data-slb-internal=\"0\" data-slb-group=\"4992\"><img loading=\"lazy\" decoding=\"async\" class=\"wp-image-5138 size-full\" src=\"http:\/\/kamiennekrzyze.pl\/wp-content\/uploads\/2022\/10\/cyfrowe-archiwum-jechego-tura.jpg\" sizes=\"auto, (max-width: 767px) 89vw, (max-width: 1000px) 54vw, (max-width: 1071px) 543px, 580px\" srcset=\"http:\/\/kamiennekrzyze.pl\/wp-content\/uploads\/2022\/10\/cyfrowe-archiwum-jechego-tura.jpg 1199w, http:\/\/kamiennekrzyze.pl\/wp-content\/uploads\/2022\/10\/cyfrowe-archiwum-jechego-tura-300x200.jpg 300w, http:\/\/kamiennekrzyze.pl\/wp-content\/uploads\/2022\/10\/cyfrowe-archiwum-jechego-tura-1024x683.jpg 1024w, http:\/\/kamiennekrzyze.pl\/wp-content\/uploads\/2022\/10\/cyfrowe-archiwum-jechego-tura-768x512.jpg 768w\" alt=\"\" width=\"1199\" height=\"800\" \/><\/a><figcaption id=\"caption-attachment-5138\" class=\"wp-caption-text\">fot: Barbara Tondos, lipiec 1964. Archiwum Cyfrowe Jerzego Tura i Barbary Tondos przy Stowarzyszeniu Ruska Bursa w Gorlicach.<\/figcaption><\/figure>\n<figure id=\"attachment_5141\" class=\"wp-caption alignnone\" aria-describedby=\"caption-attachment-5141\"><a href=\"http:\/\/kamiennekrzyze.pl\/wp-content\/uploads\/2022\/10\/800px-Lowcza_cmentarz_kaplica.jpg\" data-slb-active=\"1\" data-slb-asset=\"537374686\" data-slb-internal=\"0\" data-slb-group=\"4992\"><img loading=\"lazy\" decoding=\"async\" class=\"wp-image-5141 size-full\" src=\"http:\/\/kamiennekrzyze.pl\/wp-content\/uploads\/2022\/10\/800px-Lowcza_cmentarz_kaplica.jpg\" sizes=\"auto, (max-width: 767px) 89vw, (max-width: 1000px) 54vw, (max-width: 1071px) 543px, 580px\" srcset=\"http:\/\/kamiennekrzyze.pl\/wp-content\/uploads\/2022\/10\/800px-Lowcza_cmentarz_kaplica.jpg 800w, http:\/\/kamiennekrzyze.pl\/wp-content\/uploads\/2022\/10\/800px-Lowcza_cmentarz_kaplica-300x225.jpg 300w, http:\/\/kamiennekrzyze.pl\/wp-content\/uploads\/2022\/10\/800px-Lowcza_cmentarz_kaplica-768x576.jpg 768w\" alt=\"\" width=\"800\" height=\"600\" \/><\/a><figcaption id=\"caption-attachment-5141\" class=\"wp-caption-text\">fot: Wojciech Pysz, 2006 r, wikipedia.org<\/figcaption><\/figure>\n<figure id=\"attachment_5140\" class=\"wp-caption alignnone\" aria-describedby=\"caption-attachment-5140\"><a href=\"http:\/\/kamiennekrzyze.pl\/wp-content\/uploads\/2022\/10\/Cmentarz_greckokatolicki_242775_Fotopolska-Eu.jpg\" data-slb-active=\"1\" data-slb-asset=\"690246126\" data-slb-internal=\"0\" data-slb-group=\"4992\"><img loading=\"lazy\" decoding=\"async\" class=\"wp-image-5140 size-full\" src=\"http:\/\/kamiennekrzyze.pl\/wp-content\/uploads\/2022\/10\/Cmentarz_greckokatolicki_242775_Fotopolska-Eu.jpg\" sizes=\"auto, (max-width: 767px) 89vw, (max-width: 1000px) 54vw, (max-width: 1071px) 543px, 580px\" srcset=\"http:\/\/kamiennekrzyze.pl\/wp-content\/uploads\/2022\/10\/Cmentarz_greckokatolicki_242775_Fotopolska-Eu.jpg 1371w, http:\/\/kamiennekrzyze.pl\/wp-content\/uploads\/2022\/10\/Cmentarz_greckokatolicki_242775_Fotopolska-Eu-300x225.jpg 300w, http:\/\/kamiennekrzyze.pl\/wp-content\/uploads\/2022\/10\/Cmentarz_greckokatolicki_242775_Fotopolska-Eu-1024x768.jpg 1024w, http:\/\/kamiennekrzyze.pl\/wp-content\/uploads\/2022\/10\/Cmentarz_greckokatolicki_242775_Fotopolska-Eu-768x576.jpg 768w\" alt=\"\" width=\"1371\" height=\"1028\" \/><\/a><figcaption id=\"caption-attachment-5140\" class=\"wp-caption-text\">\u017ar\u00f3d\u0142o: fotopolska.eu, autor: Wies\u0142aw Smyk 2011<\/figcaption><\/figure>\n<p><strong>Informacje \u017ar\u00f3d\u0142owe na temat pami\u0105tek zniesienia pa\u0144szczyzny w \u0141\u00f3wczy i Gorajcu:<\/strong><\/p>\n<p>Pami\u0105tka zniesienia pa\u0144szczyzny w \u0141\u00f3wczy \u2013 Polska Sztuka Ludowa, Tom 27, Numer 4 (1973) s. 211-218, 252, Antoni Stelmach<\/p>\n<div id=\"gallery-3\" class=\"gallery galleryid-4992 gallery-columns-4 gallery-size-thumbnail\">\n<figure class=\"gallery-item\">\n<div class=\"gallery-icon portrait\"><a href=\"http:\/\/kamiennekrzyze.pl\/wp-content\/uploads\/2022\/10\/pamiatka-zniesienia-panszczyzny-w-lowczy-1-scaled.jpg\" data-slb-active=\"1\" data-slb-asset=\"1562844239\" data-slb-internal=\"0\" data-slb-group=\"4992\"><img loading=\"lazy\" decoding=\"async\" class=\"attachment-thumbnail size-thumbnail\" src=\"http:\/\/kamiennekrzyze.pl\/wp-content\/uploads\/2022\/10\/pamiatka-zniesienia-panszczyzny-w-lowczy-1-150x150.jpg\" sizes=\"auto, 100vw\" srcset=\"http:\/\/kamiennekrzyze.pl\/wp-content\/uploads\/2022\/10\/pamiatka-zniesienia-panszczyzny-w-lowczy-1-150x150.jpg 150w, http:\/\/kamiennekrzyze.pl\/wp-content\/uploads\/2022\/10\/pamiatka-zniesienia-panszczyzny-w-lowczy-1-100x100.jpg 100w\" alt=\"\" width=\"150\" height=\"150\" \/><\/a><\/div>\n<\/figure>\n<figure class=\"gallery-item\">\n<div class=\"gallery-icon portrait\"><a href=\"http:\/\/kamiennekrzyze.pl\/wp-content\/uploads\/2022\/10\/pamiatka-zniesienia-panszczyzny-w-lowczy-2-scaled.jpg\" data-slb-active=\"1\" data-slb-asset=\"960641363\" data-slb-internal=\"0\" data-slb-group=\"4992\"><img loading=\"lazy\" decoding=\"async\" class=\"attachment-thumbnail size-thumbnail\" src=\"http:\/\/kamiennekrzyze.pl\/wp-content\/uploads\/2022\/10\/pamiatka-zniesienia-panszczyzny-w-lowczy-2-150x150.jpg\" sizes=\"auto, 100vw\" srcset=\"http:\/\/kamiennekrzyze.pl\/wp-content\/uploads\/2022\/10\/pamiatka-zniesienia-panszczyzny-w-lowczy-2-150x150.jpg 150w, http:\/\/kamiennekrzyze.pl\/wp-content\/uploads\/2022\/10\/pamiatka-zniesienia-panszczyzny-w-lowczy-2-100x100.jpg 100w\" alt=\"\" width=\"150\" height=\"150\" \/><\/a><\/div>\n<\/figure>\n<figure class=\"gallery-item\">\n<div class=\"gallery-icon portrait\"><a href=\"http:\/\/kamiennekrzyze.pl\/wp-content\/uploads\/2022\/10\/pamiatka-zniesienia-panszczyzny-w-lowczy-3-scaled.jpg\" data-slb-active=\"1\" data-slb-asset=\"1654834899\" data-slb-internal=\"0\" data-slb-group=\"4992\"><img loading=\"lazy\" decoding=\"async\" class=\"attachment-thumbnail size-thumbnail\" src=\"http:\/\/kamiennekrzyze.pl\/wp-content\/uploads\/2022\/10\/pamiatka-zniesienia-panszczyzny-w-lowczy-3-150x150.jpg\" sizes=\"auto, 100vw\" srcset=\"http:\/\/kamiennekrzyze.pl\/wp-content\/uploads\/2022\/10\/pamiatka-zniesienia-panszczyzny-w-lowczy-3-150x150.jpg 150w, http:\/\/kamiennekrzyze.pl\/wp-content\/uploads\/2022\/10\/pamiatka-zniesienia-panszczyzny-w-lowczy-3-100x100.jpg 100w\" alt=\"\" width=\"150\" height=\"150\" \/><\/a><\/div>\n<\/figure>\n<figure class=\"gallery-item\">\n<div class=\"gallery-icon portrait\"><a href=\"http:\/\/kamiennekrzyze.pl\/wp-content\/uploads\/2022\/10\/pamiatka-zniesienia-panszczyzny-w-lowczy-4-scaled.jpg\" data-slb-active=\"1\" data-slb-asset=\"713703439\" data-slb-internal=\"0\" data-slb-group=\"4992\"><img loading=\"lazy\" decoding=\"async\" class=\"attachment-thumbnail size-thumbnail\" src=\"http:\/\/kamiennekrzyze.pl\/wp-content\/uploads\/2022\/10\/pamiatka-zniesienia-panszczyzny-w-lowczy-4-150x150.jpg\" sizes=\"auto, 100vw\" srcset=\"http:\/\/kamiennekrzyze.pl\/wp-content\/uploads\/2022\/10\/pamiatka-zniesienia-panszczyzny-w-lowczy-4-150x150.jpg 150w, http:\/\/kamiennekrzyze.pl\/wp-content\/uploads\/2022\/10\/pamiatka-zniesienia-panszczyzny-w-lowczy-4-100x100.jpg 100w\" alt=\"\" width=\"150\" height=\"150\" \/><\/a><\/div>\n<\/figure>\n<figure class=\"gallery-item\">\n<div class=\"gallery-icon portrait\"><a href=\"http:\/\/kamiennekrzyze.pl\/wp-content\/uploads\/2022\/10\/pamiatka-zniesienia-panszczyzny-w-lowczy-5-scaled.jpg\" data-slb-active=\"1\" data-slb-asset=\"1754648670\" data-slb-internal=\"0\" data-slb-group=\"4992\"><img loading=\"lazy\" decoding=\"async\" class=\"attachment-thumbnail size-thumbnail\" src=\"http:\/\/kamiennekrzyze.pl\/wp-content\/uploads\/2022\/10\/pamiatka-zniesienia-panszczyzny-w-lowczy-5-150x150.jpg\" sizes=\"auto, 100vw\" srcset=\"http:\/\/kamiennekrzyze.pl\/wp-content\/uploads\/2022\/10\/pamiatka-zniesienia-panszczyzny-w-lowczy-5-150x150.jpg 150w, http:\/\/kamiennekrzyze.pl\/wp-content\/uploads\/2022\/10\/pamiatka-zniesienia-panszczyzny-w-lowczy-5-100x100.jpg 100w\" alt=\"\" width=\"150\" height=\"150\" \/><\/a><\/div>\n<\/figure>\n<figure class=\"gallery-item\">\n<div class=\"gallery-icon portrait\"><a href=\"http:\/\/kamiennekrzyze.pl\/wp-content\/uploads\/2022\/10\/pamiatka-zniesienia-panszczyzny-w-lowczy-6-scaled.jpg\" data-slb-active=\"1\" data-slb-asset=\"726122005\" data-slb-internal=\"0\" data-slb-group=\"4992\"><img loading=\"lazy\" decoding=\"async\" class=\"attachment-thumbnail size-thumbnail\" src=\"http:\/\/kamiennekrzyze.pl\/wp-content\/uploads\/2022\/10\/pamiatka-zniesienia-panszczyzny-w-lowczy-6-150x150.jpg\" sizes=\"auto, 100vw\" srcset=\"http:\/\/kamiennekrzyze.pl\/wp-content\/uploads\/2022\/10\/pamiatka-zniesienia-panszczyzny-w-lowczy-6-150x150.jpg 150w, http:\/\/kamiennekrzyze.pl\/wp-content\/uploads\/2022\/10\/pamiatka-zniesienia-panszczyzny-w-lowczy-6-100x100.jpg 100w\" alt=\"\" width=\"150\" height=\"150\" \/><\/a><\/div>\n<\/figure>\n<figure class=\"gallery-item\">\n<div class=\"gallery-icon portrait\"><a href=\"http:\/\/kamiennekrzyze.pl\/wp-content\/uploads\/2022\/10\/pamiatka-zniesienia-panszczyzny-w-lowczy-7-scaled.jpg\" data-slb-active=\"1\" data-slb-asset=\"749490409\" data-slb-internal=\"0\" data-slb-group=\"4992\"><img loading=\"lazy\" decoding=\"async\" class=\"attachment-thumbnail size-thumbnail\" src=\"http:\/\/kamiennekrzyze.pl\/wp-content\/uploads\/2022\/10\/pamiatka-zniesienia-panszczyzny-w-lowczy-7-150x150.jpg\" sizes=\"auto, 100vw\" srcset=\"http:\/\/kamiennekrzyze.pl\/wp-content\/uploads\/2022\/10\/pamiatka-zniesienia-panszczyzny-w-lowczy-7-150x150.jpg 150w, http:\/\/kamiennekrzyze.pl\/wp-content\/uploads\/2022\/10\/pamiatka-zniesienia-panszczyzny-w-lowczy-7-100x100.jpg 100w\" alt=\"\" width=\"150\" height=\"150\" \/><\/a><\/div>\n<\/figure>\n<figure class=\"gallery-item\">\n<div class=\"gallery-icon portrait\"><a href=\"http:\/\/kamiennekrzyze.pl\/wp-content\/uploads\/2022\/10\/pamiatka-zniesienia-panszczyzny-w-lowczy-8-scaled.jpg\" data-slb-active=\"1\" data-slb-asset=\"51267120\" data-slb-internal=\"0\" data-slb-group=\"4992\"><img loading=\"lazy\" decoding=\"async\" class=\"attachment-thumbnail size-thumbnail\" src=\"http:\/\/kamiennekrzyze.pl\/wp-content\/uploads\/2022\/10\/pamiatka-zniesienia-panszczyzny-w-lowczy-8-150x150.jpg\" sizes=\"auto, 100vw\" srcset=\"http:\/\/kamiennekrzyze.pl\/wp-content\/uploads\/2022\/10\/pamiatka-zniesienia-panszczyzny-w-lowczy-8-150x150.jpg 150w, http:\/\/kamiennekrzyze.pl\/wp-content\/uploads\/2022\/10\/pamiatka-zniesienia-panszczyzny-w-lowczy-8-100x100.jpg 100w\" alt=\"\" width=\"150\" height=\"150\" \/><\/a><\/div>\n<\/figure>\n<\/div>\n<p>Pami\u0105tka zniesienia pa\u0144szczyzny w Gorajcu, Polska Sztuka Ludowa, Tom 31, Numer 1 (1977) s. 53-55, 63-64, Antoni Stelmach<\/p>\n<div id=\"gallery-4\" class=\"gallery galleryid-4992 gallery-columns-3 gallery-size-thumbnail\">\n<figure class=\"gallery-item\">\n<div class=\"gallery-icon portrait\"><a href=\"http:\/\/kamiennekrzyze.pl\/materialy-zwiazane-ze-zniesieniem-panszczyzny-w-galicji\/pamiatka-zniesienia-panszczyzny-w-gorajcu-1\/\" data-slb-active=\"1\" data-slb-asset=\"153629935\" data-slb-internal=\"5195\" data-slb-group=\"4992\"><img loading=\"lazy\" decoding=\"async\" class=\"attachment-thumbnail size-thumbnail\" src=\"http:\/\/kamiennekrzyze.pl\/wp-content\/uploads\/2022\/12\/Pamiatka-zniesienia-panszczyzny-w-Gorajcu-1-150x150.jpg\" sizes=\"auto, 100vw\" srcset=\"http:\/\/kamiennekrzyze.pl\/wp-content\/uploads\/2022\/12\/Pamiatka-zniesienia-panszczyzny-w-Gorajcu-1-150x150.jpg 150w, http:\/\/kamiennekrzyze.pl\/wp-content\/uploads\/2022\/12\/Pamiatka-zniesienia-panszczyzny-w-Gorajcu-1-100x100.jpg 100w\" alt=\"\" width=\"150\" height=\"150\" \/><\/a><\/div>\n<\/figure>\n<figure class=\"gallery-item\">\n<div class=\"gallery-icon portrait\"><a href=\"http:\/\/kamiennekrzyze.pl\/materialy-zwiazane-ze-zniesieniem-panszczyzny-w-galicji\/pamiatka-zniesienia-panszczyzny-w-gorajcu-2\/\" data-slb-active=\"1\" data-slb-asset=\"1283983816\" data-slb-internal=\"5196\" data-slb-group=\"4992\"><img loading=\"lazy\" decoding=\"async\" class=\"attachment-thumbnail size-thumbnail\" src=\"http:\/\/kamiennekrzyze.pl\/wp-content\/uploads\/2022\/12\/Pamiatka-zniesienia-panszczyzny-w-Gorajcu-2-150x150.jpg\" sizes=\"auto, 100vw\" srcset=\"http:\/\/kamiennekrzyze.pl\/wp-content\/uploads\/2022\/12\/Pamiatka-zniesienia-panszczyzny-w-Gorajcu-2-150x150.jpg 150w, http:\/\/kamiennekrzyze.pl\/wp-content\/uploads\/2022\/12\/Pamiatka-zniesienia-panszczyzny-w-Gorajcu-2-100x100.jpg 100w\" alt=\"\" width=\"150\" height=\"150\" \/><\/a><\/div>\n<\/figure>\n<figure class=\"gallery-item\">\n<div class=\"gallery-icon portrait\"><a href=\"http:\/\/kamiennekrzyze.pl\/materialy-zwiazane-ze-zniesieniem-panszczyzny-w-galicji\/pamiatka-zniesienia-panszczyzny-w-gorajcu-3\/\" data-slb-active=\"1\" data-slb-asset=\"776916313\" data-slb-internal=\"5197\" data-slb-group=\"4992\"><img loading=\"lazy\" decoding=\"async\" class=\"attachment-thumbnail size-thumbnail\" src=\"http:\/\/kamiennekrzyze.pl\/wp-content\/uploads\/2022\/12\/Pamiatka-zniesienia-panszczyzny-w-Gorajcu-3-150x150.jpg\" sizes=\"auto, 100vw\" srcset=\"http:\/\/kamiennekrzyze.pl\/wp-content\/uploads\/2022\/12\/Pamiatka-zniesienia-panszczyzny-w-Gorajcu-3-150x150.jpg 150w, http:\/\/kamiennekrzyze.pl\/wp-content\/uploads\/2022\/12\/Pamiatka-zniesienia-panszczyzny-w-Gorajcu-3-100x100.jpg 100w\" alt=\"\" width=\"150\" height=\"150\" \/><\/a><\/div>\n<\/figure>\n<\/div>\n<p><strong>Opracowanie na temat bunt\u00f3w ch\u0142opskich w wojew\u00f3dztwie be\u0142skim w XVI i XVII wieku wykonane przez aktyw: <a href=\"https:\/\/www.facebook.com\/profile.php?id=100063765017298\">Historia Regionu Tomasz\u00f3w Lubelski Be\u0142z Rawa Ruska.<\/a><\/strong><\/p>\n<div class=\"\" dir=\"auto\">\n<div class=\"\" dir=\"auto\">\n<div class=\"x1iorvi4 x1pi30zi x1l90r2v x1swvt13\" data-ad-comet-preview=\"message\" data-ad-preview=\"message\">\n<div class=\"x78zum5 xdt5ytf xz62fqu x16ldp7u\">\n<div class=\"xu06os2 x1ok221b\">\n<div class=\"x11i5rnm xat24cr x1mh8g0r x1vvkbs xdj266r x126k92a\">\n<div dir=\"auto\">Blisko 60-letni okres bunt\u00f3w ch\u0142opskich w wojew\u00f3dztwie be\u0142skim w XVI i XVII wieku. Najbardziej buntowniczym regionem w ca\u0142ej ziemi be\u0142skiej by\u0142y wsie ziemi lubaczowskiej, co nie oznacza, \u017ce gdzie\u015b by\u0142o spokojnie. G\u0142\u00f3wnym powodem bunt\u00f3w by\u0142 oczywi\u015bcie wyzysk i bezkarno\u015b\u0107 pan\u00f3w. Ch\u0142opi, owszem, pisali supliki na pan\u00f3w, jednak czasem niewiele to dawa\u0142o, cho\u0107 zdarza\u0142o si\u0119, \u017ce przynosi\u0142y one jaki\u015b pozytywny rezultat. Jedn\u0105 z pierwszych buntowniczych wsi by\u0142a Basznia, gdzie po 1570 r., gdy postawiono tam folwark, starano si\u0119 ch\u0142op\u00f3w zmusi\u0107 do nowych obci\u0105\u017ce\u0144. Kr\u00f3l Stefan Batory nawet przyzna\u0142 im racje, ale kr\u00f3l Zygmunt August kaza\u0142 si\u0119 z nimi srogo rozprawia\u0107, a g\u0142\u00f3wnych buntownik\u00f3w odes\u0142a\u0107 do zamku. Wszystkim mia\u0142 zaj\u0105\u0107 si\u0119 starosta Jan P\u0142aza. Prawd\u0119 powiedziawszy, ch\u0142opi z Baszni nie bardzo wystraszyli si\u0119 kar, a sama wie\u015b co chwil\u0119 wymieniana jest z powodu buntu. W 1605 r. rozw\u015bcieczony kr\u00f3l Zygmunt III nie tylko zakaza\u0142 im buntu, ale i prawa do upominania si\u0119 o utracone prawa. Ch\u0142opi z Baszni ponownie spraw\u0119 olali i w 1611 kr\u00f3l wysy\u0142a komisj\u0119, kt\u00f3ra ma kara\u0107 gard\u0142em ka\u017cdego kto si\u0119 buntuje. Ch\u0142opi zaostrzaj\u0105 protest i okradaj\u0105 folwark. Taka przepychanka trwa\u0142a tam wiele lat i dopiero w 1618 r. uda\u0142o si\u0119 ukara\u0107 ch\u0142op\u00f3w i uwi\u0119zi\u0107 g\u0142\u00f3wnych buntownik\u00f3w. Wie\u015b jednak nadal \u201edzia\u0142a\u0142a\u201d i od tego roku wypowiedzia\u0142a otwart\u0105 wojn\u0119 dworowi. Jesieni\u0105 1618 r. wie\u015b na rozkaz staro\u015bciny naje\u017cd\u017ca oddzia\u0142 kozacki w liczbie oko\u0142o 80 ch\u0142opa i bardzo brutalnie obchodzi si\u0119 z mieszka\u0144cami (rabunek, gwa\u0142ty\u2026). W 1619 r. ch\u0142opi nie ustaj\u0105 w buntach, a kr\u00f3l Zygmunt III co chwil\u0119 \u015ble gro\u017aby ukarania winnych. Wojna ze staro\u015bcin\u0105 P\u0142az\u0105 si\u0119 zaostrza. Wiosn\u0105 1619 r., gdy ch\u0142opi nie wychodz\u0105 do pa\u0144szczyzny, staro\u015bcina atakuje wie\u015b \u201epiechot\u0105 i armat\u0105\u201d, przez co obraca wie\u015b w zgliszcza i rabuje, co ma tylko jak\u0105\u015b warto\u015b\u0107. W oporze ch\u0142opskim nie zmienia to nic i w 1622 r. op\u00f3r si\u0119 zaostrza. Ch\u0142opi zbroj\u0105 si\u0119 na tyle, \u017ce ju\u017c w tym samym roku witaj\u0105 ludzi staro\u015bciny ogniem z rusznic i napadaj\u0105 na folwarki. Staro\u015bcina na pomoc wzywa bandy lisowczyk\u00f3w (Lisowczycy, lisowczyki, pocz\u0105tkowa nazwa strace\u0144cy, r\u00f3wnie\u017c chor\u0105giew elearska \u2013 najemn\u0105, ochotnicz\u0105 formacj\u0119 lekkiej jazdy polskiej utworzonej w 1607 r. przez Aleksandra Lisowskiego. Jej zawi\u0105zki powsta\u0142y w czasie s\u0142u\u017cby Lisowskiego u Dymitra II Samozwa\u0144ca w latach 1607\u20131611. Wskutek dokonywania gwa\u0142t\u00f3w i rabunk\u00f3w lisowczyk\u00f3w zazwyczaj nie brano do niewoli, lecz tracono na miejscu). Po blisko 50 latach walk na tronie zasiada W\u0142adys\u0142aw IV i przyznaje prawo ch\u0142opom z Baszni. Tym razem to staro\u015bcina z synami nie godzi si\u0119 z werdyktem i atakuje kilkukrotnie wie\u015b.<\/div>\n<div dir=\"auto\">Op\u00f3r mieszka\u0144c\u00f3w Baszni dociera do innych wsi wojew\u00f3dztwa be\u0142skiego i od pocz\u0105tku XVII bunt wybucha w kolejnych wsiach. Ju\u017c w 1601 r. buntowa\u0107 zaczynaj\u0105 si\u0119 wsie: Lubliniec Stary i Nowy. Panowie narzucaj\u0105 ch\u0142opom pa\u0144szczyzn\u0119 6-dniow\u0105 (by\u0142a dwudniowa). Konflikty i bunty w Lubli\u0144cu trwa\u0142y do 1646 r. W 1602 r. rodzi si\u0119 buntownicze nastawienie mieszka\u0144c\u00f3w Werchraty i z ka\u017cdym rokiem nabiera na sile. Pierwsza skarga z Werchraty odnosi si\u0119 do tego, \u017ce hajducy starosty napadaj\u0105 i rabuj\u0105 wie\u015b. W 1617 r. ch\u0142opi podczas konfliktu zabijaj\u0105 szlachcica K\u0105ckiego. Ukarano wtedy gard\u0142em przyw\u00f3dc\u00f3w, a na wie\u015b na\u0142o\u017cono kary finansowe. Od tamtej pory ch\u0142opi z Werchraty co kilka lat prowadz\u0105 walki z panami, ale i z lud\u017ami dla nich pracuj\u0105cymi. Gdy w 1637 r. hajducy starosty urz\u0105dzaj\u0105 zasadzk\u0119 na ch\u0142op\u00f3w z Werchraty, ch\u0142opi planuj\u0105 zemst\u0119. Kilku hajduk\u00f3w mia\u0142o swoje gospodarstwa w Brusnie i ch\u0142opi z Werchraty organizuj\u0105 wielki najazd na Brusno w celach rabunkowych. Wed\u0142ug skargi mia\u0142o by\u0107 ich 1500 os\u00f3b, co oczywi\u015bcie jest liczb\u0105 mocno przesadzon\u0105. W 1605 r. buntuj\u0105 si\u0119 mieszka\u0144cy Smolina. W 1626 r. bunty przenosz\u0105 si\u0119 bli\u017cej Be\u0142za i obejmuj\u0105 wsie: Sielec i Parchacz. W rejonie lubaczowskim buntuje si\u0119 ju\u017c oko\u0142o 67% wsi. Od 1602 r. buntuje si\u0119 te\u017c wie\u015b Hrebenne, robi\u0105c najazdy na dwory szlacheckie. We wsi s\u0105 dwie cerkwie, w kt\u00f3rych jeden pop jest zwolennikiem Unii, a drugi przeciwnikiem, co powoduje ostre wewn\u0119trzne spory. Apogeum bunt\u00f3w w Hrebennem ma miejsce w 1622 r., gdy ch\u0142opi zabijaj\u0105 szlachcica Bia\u0142y\u0144skiego. W odwecie szlachta zaczyna znosi\u0107 wie\u015b i dopiero interwencja Tomasza Zamoyskiego ratuje sytuacj\u0119 i wie\u015b powoli wraca do \u017cycia. Czasem do protest\u00f3w do\u0142\u0105czali te\u017c mieszczanie z Lubaczowa lub Be\u0142za. Zazwyczaj jednak to by\u0142y samotne walki pojedynczych wsi, wyj\u0105tkiem tutaj jest 1648 r., gdy to w\u0142o\u015bcianie z \u017burawiec, Werchraty, Teniatysk, Lubelli (P\u0142az\u00f3w), Brusna, Krupca i Przeorska napadli na miasto Lipsko oraz wsie Lipie i Be\u0142\u017cec. Wed\u0142ug jednej ze skarg ch\u0142opi do\u0142\u0105czyli do Kozak\u00f3w Chmielnickiego rabuj\u0105cych w okolicy i mia\u0142o by\u0107 ich 2000 (liczba zapewne, jak i inne podane, by\u0142y zawy\u017cone kilkukrotnie). Zanim jeszcze Chmielnicki dotar\u0142 pod Narol (wtedy Florian\u00f3w) wys\u0142a\u0142 w r\u00f3\u017cne miejsca swoich ludzi, kt\u00f3rzy dotarli i werbowali ch\u0142op\u00f3w do buntu w ca\u0142ej Rzeczypospolitej z wyj\u0105tkiem Mazowsza i Litwy. Do naszego rejonu dotar\u0142 ju\u017c w czerwcu 1648 r. oddzia\u0142 Jachowskiego. Dow\u00f3dca \u015bci\u0105gn\u0105wszy do siebie rozmaitych ludzi z Baszni, Brusna, \u0141\u00f3wczy, Lubaczowa i Cieszanowa kaza\u0142 im pali\u0107 miasta, dwory i domy szlacheckie. Spalono ju\u017c dwa razy Be\u0142z i zamek Ciechanowski (Cieszanowski?) i gotowano si\u0119 podpali\u0107 miasto Cieszan\u00f3w i jeszcze raz Be\u0142z, kiedy jednego z g\u0142\u00f3wnych podpalaczy schwytano. Wed\u0142ug zezna\u0144 tego\u017c wyprawi\u0142 Jachowski ca\u0142e gromady szpieg\u00f3w do Jaros\u0142awia, Lublina, Krakowa i Zamo\u015bcia, wys\u0142awszy ich najpierw po rozkazy do J\u0119drzeja, popa w Cieszanowie, kt\u00f3ry wszystkimi rozrz\u0105dza\u0142 i wydawa\u0142 rozkazy. W ten spos\u00f3b do Rzeczypospolitej dotar\u0142o wielu szpieg\u00f3w. Pomi\u0119dzy ludem wiejskim rozpuszczano wie\u015bci, \u017ce Kozacy wszystko b\u0119d\u0105 w pie\u0144 wycina\u0107, bo kr\u00f3l z\u0142ama\u0142 przysi\u0119g\u0119 na zgod\u0119; kto zatem gin\u0105\u0107 nie chce, musi i\u015b\u0107 razem z nimi. Przekaz szed\u0142 przewa\u017cnie od pop\u00f3w i obiecywano te\u017c lupy. W ten spos\u00f3b ca\u0142y lud obrz\u0105dku greckokatolickiego buntowany i zastraszany przez pop\u00f3w got\u00f3w by\u0142 na ka\u017cde zwo\u0142anie do powstania. Szpiedzy byli w pogotowiu, dwory szlacheckie si\u0119 wyludni\u0142y, a miasta \u017cy\u0142y w ci\u0105g\u0142ym przera\u017ceniu i trwodze przed ogniem i rabunkiem. Nienawi\u015b\u0107 do pana pot\u0119gowana by\u0142a przez bezkarno\u015b\u0107. Wys\u0142annikom uda\u0142o si\u0119 w kilku miejscach zebra\u0107 nawet kilkutysi\u0119czne armie, jednak w Polsce bez wsparcia samych Kozak\u00f3w, bunty szybko gaszono. Ch\u0142op\u00f3w z okolicznych wsi, kt\u00f3rzy wzi\u0119li udzia\u0142 w rabunku z listopada 1648 r. (wcze\u015bniej tego roku by\u0142o kilka mniejszych), mia\u0142a spotka\u0107 kara. Cz\u0119\u015b\u0107 mia\u0142a zgin\u0105\u0107 od Tatar\u00f3w, kt\u00f3ry nie patrzy\u0142 kogo zabij\u0105, inni od chor\u00f3b i g\u0142odu, a np. ch\u0142opom z Werchraty kar\u0119 mieli wymierzy\u0107 ch\u0142opi z Baszni. W lustracjach mamy te\u017c skargi samych ch\u0142op\u00f3w na Kozak\u00f3w, kt\u00f3rzy \u017ale traktowali wsie, kt\u00f3re nie chcia\u0142y wspiera\u0107 buntownik\u00f3w. Bunty ch\u0142opskie powoli wygasa\u0142y w drugiej po\u0142owie XVII w., ale raczej z przyczyny naturalnej. Kilkunastoletnie wojny wyludni\u0142y te tereny, co da\u0142o to te\u017c na wstrzymanie panom, kt\u00f3rzy chcieli zrobi\u0107 wszystko, by \u015bci\u0105gn\u0105\u0107 do siebie sil\u0119 robocz\u0105. Cze\u015b\u0107 wsi znikn\u0119\u0142o, inne powsta\u0142y w nowych miejscach. Przyk\u0142adowe straty w ludno\u015bci: Basznia 80%, Lubycza 90%, Dziewi\u0119cierz 60%, Lubliniec Stary i Nowy 70%, Pank\u00f3w 60%, Radru\u017c 70%, Skomorochy 90%, Tarnawatka 90%, Wieprzowe Jezioro 90%, Sielec 80% i przeniesiono na drugi brzeg rzeki\u2026 Bunty zapocz\u0105tkowa\u0142 wyzysk i bezprawie wobec ch\u0142op\u00f3w, a ci, nie maj\u0105c wiele do stracenia, zamienili blisko 60-letni okres z lat 1590-1650 w walk\u0119. Dosz\u0142o powstanie Chmielnickiego. Po tym okresie trzeba by\u0142o budowa\u0107 wszystko od nowa\u2026 R\u00f3\u017cne bunty przetacza\u0142y si\u0119 przez ten okres w ca\u0142ej Rzeczypospolitej, mo\u017ce po za Litw\u0105 gdzie ch\u0142op\u00f3w duszono najmocniej\u2026<\/div>\n<div dir=\"auto\">*<\/div>\n<div class=\"x78zum5 xdt5ytf xz62fqu x16ldp7u\">\n<div class=\"xu06os2 x1ok221b\">\n<div dir=\"auto\"><\/div>\n<div dir=\"auto\"><strong>Wieczne lipy<\/strong><\/div>\n<div dir=\"auto\"><\/div>\n<div dir=\"auto\">Jedn\u0105 z pami\u0105tek zwi\u0105zanych ze zniesieniem pa\u0144szczyzny mia\u0142y by\u0107 zasadzone wtedy drzewa, lipy, zapewne przy krzy\u017cach, lub kapliczkach. Do dzi\u015b przetrwa\u0142y ju\u017c tylko pojedyncze tego typu okazy drzew, kt\u00f3re mog\u0105 pochodzi\u0107 z okolicy 1848 roku. G\u0142\u00f3wnie przy krzy\u017cach pa\u0144szczy\u017anianych. Poni\u017cej nieistniej\u0105ca wie\u015b Grochy ko\u0142o P\u0142azowa i Rudy R\u00f3\u017canieckiej, gdzie przy krzy\u017cu znajduje si\u0119 wiekowa lipa.<\/div>\n<div dir=\"auto\"><\/div>\n<div dir=\"auto\"><img loading=\"lazy\" decoding=\"async\" class=\"size-full aligncenter\" src=\"https:\/\/lh3.googleusercontent.com\/pw\/AL9nZEXTBIfNOhZz0V2HpA5odNYOzuzsBReQ5DazDj08I-dA8AjR8t7lVZo14X52aanpsG-kqeRkqEdrSG1z5f6QcULa7ghas5gh9AoJHu_UOC4AMql3Khyaeetg5xJL2itKXAJPnzxepFc2eguZEIvH6Mll=w1045-h696-no?authuser=0\" width=\"1044\" height=\"696\" \/><\/div>\n<div class=\"x11i5rnm xat24cr x1mh8g0r x1vvkbs xdj266r x126k92a\">\n<div dir=\"auto\"><\/div>\n<\/div>\n<\/div>\n<\/div>\n<\/div>\n<\/div>\n<\/div>\n<p>&nbsp;<\/p>\n<p><strong>Kopce sypane na pami\u0105tk\u0119 zniesienia pa\u0144szczyzny<\/strong><\/p>\n<p>Wyra\u017anie wida\u0107, \u017ce niekt\u00f3re kamienne krzy\u017ce pa\u0144szczy\u017aniane usytuowane s\u0105 na kopcach. Sam kopiec mia\u0142 by\u0107 jednym z rodzaj\u00f3w form upami\u0119tnienia pa\u0144szczyzny. Zapewne na niekt\u00f3rych kopcach postawiono krzy\u017ce, wida\u0107 to w przypadku takich miejscowo\u015bci jak: Mo\u0142odycz, Teniatyska, Stare Sio\u0142o i zapewne Ch\u0142opiatyn, tam krzy\u017c le\u017cy na kopcu.<\/p>\n<figure class=\"wp-caption alignnone\"><img loading=\"lazy\" decoding=\"async\" src=\"https:\/\/lh3.googleusercontent.com\/pw\/AL9nZEXZRKBtrkYmoTV85vw6CwxYYwAsONb4lM_27bq4wcy_gd_g5s4h8BdpP1SoQpcBL15-5uWn1oCAVcOvnzvUq_DH9A9DxuB0L_iTGobNkw7q2npn6C6E7EPR_u6Uzs7YHys6eAYzYkpQtmmQe_BkSKXX=w1045-h696-no?authuser=0\" alt=\"\" width=\"1044\" height=\"696\" \/><figcaption class=\"wp-caption-text\">Stare Sio\u0142o \u2013 krzy\u017c pa\u0144szczy\u017aniany na kopcu<\/figcaption><\/figure>\n<p><strong>Wsp\u00f3\u0142czesny malunek w Radru\u017cu<\/strong><\/p>\n<p>W pa\u017adzierniku 2021 roku podczas przygotowywania wystawy fotografii w Radru\u017cu \u201eBru\u015bnie\u0144skie krzy\u017ce przydro\u017cne\u201d, ich autor, Tomasz Stelmaski wykona\u0142 malowid\u0142o na klatce schodowej pawilonu wystawienniczego przy cerkwi w Radru\u017cu. Jest to napis z krzy\u017ca pa\u0144szczy\u017anianego z Gorajca.<\/p>\n<p><a href=\"http:\/\/kamiennekrzyze.pl\/wp-content\/uploads\/2022\/12\/Radruz.jpg\" data-slb-active=\"1\" data-slb-asset=\"641127189\" data-slb-internal=\"0\" data-slb-group=\"4992\"><img loading=\"lazy\" decoding=\"async\" class=\"alignnone size-full wp-image-5200\" src=\"http:\/\/kamiennekrzyze.pl\/wp-content\/uploads\/2022\/12\/Radruz.jpg\" sizes=\"auto, (max-width: 767px) 89vw, (max-width: 1000px) 54vw, (max-width: 1071px) 543px, 580px\" srcset=\"http:\/\/kamiennekrzyze.pl\/wp-content\/uploads\/2022\/12\/Radruz.jpg 833w, http:\/\/kamiennekrzyze.pl\/wp-content\/uploads\/2022\/12\/Radruz-225x300.jpg 225w, http:\/\/kamiennekrzyze.pl\/wp-content\/uploads\/2022\/12\/Radruz-768x1024.jpg 768w\" alt=\"\" width=\"833\" height=\"1111\" \/><\/a><\/p>\n<p><strong>Muzeum Etnograficzne w Krakowie i eksponaty zwi\u0105zane z pa\u0144szczyzn\u0105<\/strong><\/p>\n<p>Obecnie w MEK znajduje si\u0119 wystawa sta\u0142a o nazwie <a href=\"https:\/\/etnomuzeum.eu\/wystawa-stala\/kogo-stac\">KOGO STA\u0106<\/a>. Jednym z jej element\u00f3w s\u0105 eksponaty zwi\u0105zane z pa\u0144szczyzn\u0105. Zajdziemy tam mi\u0119dzy innymi bony folwarczne i ksi\u0119g\u0119 inwentarzow\u0105, gdzie znajdywa\u0142y si\u0119 spisy powinno\u015bci pa\u0144szczy\u017anianych ch\u0142op\u00f3w. Pochodzi ona z Czu\u0142owa pod Krakowem, ale na terenie nas interesuj\u0105cym by\u0142y podobne. Istnieje historia m\u00f3wi\u0105ca o tym, \u017ce tego typu ksi\u0119gi zakopywano pod krzy\u017cami. Jednak\u017ce jest to ma\u0142o prawdopodobne. Trudno sobie wyobrazi\u0107, by kto\u015b z dworu odda\u0142 ch\u0142opom ksi\u0119gi rachunkowe.<\/p>\n<div id=\"gallery-5\" class=\"gallery galleryid-4992 gallery-columns-3 gallery-size-thumbnail\">\n<figure class=\"gallery-item\">\n<div class=\"gallery-icon portrait\"><a href=\"http:\/\/kamiennekrzyze.pl\/materialy-zwiazane-ze-zniesieniem-panszczyzny-w-galicji\/wystawa-w-krakowie-1\/\" data-slb-active=\"1\" data-slb-asset=\"336600639\" data-slb-internal=\"5201\" data-slb-group=\"4992\"><img loading=\"lazy\" decoding=\"async\" class=\"attachment-thumbnail size-thumbnail\" src=\"http:\/\/kamiennekrzyze.pl\/wp-content\/uploads\/2022\/12\/wystawa-w-krakowie-1-150x150.jpg\" sizes=\"auto, 100vw\" srcset=\"http:\/\/kamiennekrzyze.pl\/wp-content\/uploads\/2022\/12\/wystawa-w-krakowie-1-150x150.jpg 150w, http:\/\/kamiennekrzyze.pl\/wp-content\/uploads\/2022\/12\/wystawa-w-krakowie-1-100x100.jpg 100w\" alt=\"\" width=\"150\" height=\"150\" \/><\/a><\/div>\n<\/figure>\n<figure class=\"gallery-item\">\n<div class=\"gallery-icon landscape\"><a href=\"http:\/\/kamiennekrzyze.pl\/materialy-zwiazane-ze-zniesieniem-panszczyzny-w-galicji\/wystawa-w-krakowie-2\/\" data-slb-active=\"1\" data-slb-asset=\"1807290446\" data-slb-internal=\"5202\" data-slb-group=\"4992\"><img loading=\"lazy\" decoding=\"async\" class=\"attachment-thumbnail size-thumbnail\" src=\"http:\/\/kamiennekrzyze.pl\/wp-content\/uploads\/2022\/12\/wystawa-w-krakowie-2-150x150.jpg\" sizes=\"auto, 100vw\" srcset=\"http:\/\/kamiennekrzyze.pl\/wp-content\/uploads\/2022\/12\/wystawa-w-krakowie-2-150x150.jpg 150w, http:\/\/kamiennekrzyze.pl\/wp-content\/uploads\/2022\/12\/wystawa-w-krakowie-2-100x100.jpg 100w\" alt=\"\" width=\"150\" height=\"150\" \/><\/a><\/div>\n<\/figure>\n<figure class=\"gallery-item\">\n<div class=\"gallery-icon portrait\"><a href=\"http:\/\/kamiennekrzyze.pl\/materialy-zwiazane-ze-zniesieniem-panszczyzny-w-galicji\/wystawa-w-krakowie-3\/\" data-slb-active=\"1\" data-slb-asset=\"538569436\" data-slb-internal=\"5203\" data-slb-group=\"4992\"><img loading=\"lazy\" decoding=\"async\" class=\"attachment-thumbnail size-thumbnail\" src=\"http:\/\/kamiennekrzyze.pl\/wp-content\/uploads\/2022\/12\/wystawa-w-krakowie-3-150x150.jpg\" sizes=\"auto, 100vw\" srcset=\"http:\/\/kamiennekrzyze.pl\/wp-content\/uploads\/2022\/12\/wystawa-w-krakowie-3-150x150.jpg 150w, http:\/\/kamiennekrzyze.pl\/wp-content\/uploads\/2022\/12\/wystawa-w-krakowie-3-100x100.jpg 100w\" alt=\"\" width=\"150\" height=\"150\" \/><\/a><\/div>\n<\/figure>\n<\/div>\n<p>W zbiorach MEK znajduj\u0105 si\u0119 tak\u017ce tak zwane kwity pa\u0144szczy\u017aniane z terenu Podkarpacia. By\u0142y to kwitki (nazywane te\u017c bonami), kt\u00f3re dostawali ch\u0142opi jako dow\u00f3d wykonania zobowi\u0105zania pa\u0144szczy\u017anianego. By\u0107 mo\u017ce tego typu dokumenty by\u0142y zakopywane przez ch\u0142op\u00f3w pod krzy\u017cami.<\/p>\n<div id=\"gallery-6\" class=\"gallery galleryid-4992 gallery-columns-3 gallery-size-thumbnail\">\n<figure class=\"gallery-item\">\n<div class=\"gallery-icon landscape\"><a href=\"http:\/\/kamiennekrzyze.pl\/materialy-zwiazane-ze-zniesieniem-panszczyzny-w-galicji\/kwity-panszczyzniane-1\/\" data-slb-active=\"1\" data-slb-asset=\"1528167875\" data-slb-internal=\"5204\" data-slb-group=\"4992\"><img loading=\"lazy\" decoding=\"async\" class=\"attachment-thumbnail size-thumbnail\" src=\"http:\/\/kamiennekrzyze.pl\/wp-content\/uploads\/2022\/12\/kwity-panszczyzniane-1-150x150.jpg\" sizes=\"auto, 100vw\" srcset=\"http:\/\/kamiennekrzyze.pl\/wp-content\/uploads\/2022\/12\/kwity-panszczyzniane-1-150x150.jpg 150w, http:\/\/kamiennekrzyze.pl\/wp-content\/uploads\/2022\/12\/kwity-panszczyzniane-1-100x100.jpg 100w\" alt=\"\" width=\"150\" height=\"150\" \/><\/a><\/div>\n<\/figure>\n<figure class=\"gallery-item\">\n<div class=\"gallery-icon landscape\"><a href=\"http:\/\/kamiennekrzyze.pl\/materialy-zwiazane-ze-zniesieniem-panszczyzny-w-galicji\/kwity-panszczyzniane-2\/\" data-slb-active=\"1\" data-slb-asset=\"512328301\" data-slb-internal=\"5205\" data-slb-group=\"4992\"><img loading=\"lazy\" decoding=\"async\" class=\"attachment-thumbnail size-thumbnail\" src=\"http:\/\/kamiennekrzyze.pl\/wp-content\/uploads\/2022\/12\/kwity-panszczyzniane-2-150x150.jpg\" sizes=\"auto, 100vw\" srcset=\"http:\/\/kamiennekrzyze.pl\/wp-content\/uploads\/2022\/12\/kwity-panszczyzniane-2-150x150.jpg 150w, http:\/\/kamiennekrzyze.pl\/wp-content\/uploads\/2022\/12\/kwity-panszczyzniane-2-100x100.jpg 100w\" alt=\"\" width=\"150\" height=\"150\" \/><\/a><\/div>\n<\/figure>\n<figure class=\"gallery-item\">\n<div class=\"gallery-icon portrait\"><a href=\"http:\/\/kamiennekrzyze.pl\/materialy-zwiazane-ze-zniesieniem-panszczyzny-w-galicji\/kwity-panszczyzniane-3\/\" data-slb-active=\"1\" data-slb-asset=\"569925657\" data-slb-internal=\"5206\" data-slb-group=\"4992\"><img loading=\"lazy\" decoding=\"async\" class=\"attachment-thumbnail size-thumbnail\" src=\"http:\/\/kamiennekrzyze.pl\/wp-content\/uploads\/2022\/12\/kwity-panszczyzniane-3-150x150.jpg\" sizes=\"auto, 100vw\" srcset=\"http:\/\/kamiennekrzyze.pl\/wp-content\/uploads\/2022\/12\/kwity-panszczyzniane-3-150x150.jpg 150w, http:\/\/kamiennekrzyze.pl\/wp-content\/uploads\/2022\/12\/kwity-panszczyzniane-3-100x100.jpg 100w\" alt=\"\" width=\"150\" height=\"150\" \/><\/a><\/div>\n<\/figure>\n<\/div>\n<p><strong>Krzy\u017c pa\u0144szczy\u017aniany z Rudki jako inspiracja dla artyst\u00f3w<\/strong><\/p>\n<p><iframe loading=\"lazy\" src=\"https:\/\/www.facebook.com\/plugins\/post.php?href=https%3A%2F%2Fwww.facebook.com%2Fkamiennekrzyze%2Fposts%2Fpfbid0qU27upL4h6a6Zx5PU7MVkSJw9cj5NnEBKGhECivmQeWmXoFCgZUWavcF5mKVDn5Ml&amp;show_text=true&amp;width=500\" width=\"500\" height=\"920\" frameborder=\"0\" scrolling=\"no\" allowfullscreen=\"allowfullscreen\" data-mce-fragment=\"1\"><\/iframe><\/p>\n<p><strong>Ubranie ch\u0142opa pa\u0144szczy\u017anianego.<\/strong><\/p>\n<p>W ksi\u0105\u017cce \u201eOpowie\u015bci z Jaros\u0142awskiego Zasania\u201d Jana Kucy na stronie 251, w artykule po\u015bwi\u0119conemu nieistniej\u0105cej wsi Terebie\u0144 ko\u0142o Jaros\u0142awia znajdziemy taki opis:<\/p>\n<p><em>Pami\u0119tam naszego s\u0105siada mieszkaj\u0105cego po drugiej stronie drogi. Nazywa\u0142 si\u0119 Jan Cienki (ur. w 1870r.). Jan wprawdzie ju\u017c nie m\u00f3g\u0142 pami\u0119ta\u0107 pa\u0144szczyzny, ale wyr\u00f3\u017cnia\u0142 si\u0119 szczeg\u00f3lnym strojem, gdy\u017c ubiera\u0142 si\u0119 jak ch\u0142op pa\u0144szczy\u017aniany. Chodzi\u0142 boso, nosi\u0142 d\u0142ug\u0105, bia\u0142\u0105, lnian\u0105 koszul\u0119 przepasan\u0105 i wypuszczon\u0105 na wierzch i takie same, tylko do kostki, spodnie. W taki str\u00f3j ubiera\u0142 si\u0119 zar\u00f3wno na co dzie\u0144, jak i w \u015bwi\u0119ta.<\/em><\/p>\n<p>W ksi\u0105\u017cce znajduje si\u0119 te\u017c tak\u017ce informacja, \u017ce znajduje si\u0119 tam kamienny krzy\u017c postawiony na pami\u0105tk\u0119 zniesienia pa\u0144szczyzny. Sta\u0142 na pocz\u0105tku wsi i postawiony prawdopodobnie by\u0142 na miejscu starszego derwnianego. Fundatorem by\u0142 Teodor Terenieniec. Prawnukowie Teodora \u017cyj\u0105 w Wa\u0142czu, Jaworze, Jelonkach ko\u0142o Pas\u0142\u0119ka i Katowicach.<\/p>\n<p><em>Wkr\u00f3tce kolejne informacje\u2026<\/em><\/p>\n<\/div>\n<\/div>\n<\/div>\n<\/div>\n","protected":false},"excerpt":{"rendered":"<p>W tej kategorii znajduj\u0105 si\u0119 wszystkie rozpoznane do tej pory kamienne krzy\u017ce bru\u015bnie\u0144skie postawione na pami\u0105tk\u0119 zniesienia pa\u0144szczyzny: http:\/\/kamiennekrzyze.pl\/category\/pamiatka-zniesienia-panszczyzny\/ i kilka prawdopodobnych TUTAJ Mapa pami\u0105tek zniesienia pa\u0144szczyzny znajduje si\u0119 TUTAJ Poni\u017cej zbi\u00f3r informacji zwi\u0105zanych z pa\u0144szczyzn\u0105 z regionu lubaczowskiego czy najbli\u017cszej okolicy, kt\u00f3re uda\u0142o si\u0119 wynale\u017a\u0107 czy pozyska\u0107 w terenie: Relacja z Radru\u017ca (ok. 2014 &hellip; <\/p>\n<p class=\"link-more\"><a href=\"http:\/\/gorajec.info\/index.php\/materialy-zwiazane-z-panszczyzna\/\" class=\"more-link\">Czytaj dalej<span class=\"screen-reader-text\"> \u201eMateria\u0142y zwi\u0105zane z pa\u0144szczyzn\u0105\u201d<\/span><\/a><\/p>\n","protected":false},"author":1,"featured_media":0,"parent":0,"menu_order":0,"comment_status":"closed","ping_status":"closed","template":"","meta":{"footnotes":""},"class_list":["post-45","page","type-page","status-publish","hentry"],"_links":{"self":[{"href":"http:\/\/gorajec.info\/index.php\/wp-json\/wp\/v2\/pages\/45","targetHints":{"allow":["GET"]}}],"collection":[{"href":"http:\/\/gorajec.info\/index.php\/wp-json\/wp\/v2\/pages"}],"about":[{"href":"http:\/\/gorajec.info\/index.php\/wp-json\/wp\/v2\/types\/page"}],"author":[{"embeddable":true,"href":"http:\/\/gorajec.info\/index.php\/wp-json\/wp\/v2\/users\/1"}],"replies":[{"embeddable":true,"href":"http:\/\/gorajec.info\/index.php\/wp-json\/wp\/v2\/comments?post=45"}],"version-history":[{"count":1,"href":"http:\/\/gorajec.info\/index.php\/wp-json\/wp\/v2\/pages\/45\/revisions"}],"predecessor-version":[{"id":46,"href":"http:\/\/gorajec.info\/index.php\/wp-json\/wp\/v2\/pages\/45\/revisions\/46"}],"wp:attachment":[{"href":"http:\/\/gorajec.info\/index.php\/wp-json\/wp\/v2\/media?parent=45"}],"curies":[{"name":"wp","href":"https:\/\/api.w.org\/{rel}","templated":true}]}}